{"id":9126,"date":"2022-12-02T13:04:02","date_gmt":"2022-12-02T12:04:02","guid":{"rendered":"https:\/\/www.sumasupermercados.es\/pmf\/"},"modified":"2024-02-20T16:15:50","modified_gmt":"2024-02-20T15:15:50","slug":"preguntes-frequents","status":"publish","type":"page","link":"https:\/\/www.sumasupermercados.es\/ca\/converteix-te-en-franquiciat\/preguntes-frequents\/","title":{"rendered":"Preguntes freq\u00fcents"},"content":{"rendered":"\t\t<div data-elementor-type=\"wp-page\" data-elementor-id=\"9126\" class=\"elementor elementor-9126 elementor-5405\" data-elementor-post-type=\"page\">\n\t\t\t\t\t\t<section data-particle_enable=\"false\" data-particle-mobile-disabled=\"false\" class=\"elementor-section elementor-top-section elementor-element elementor-element-8a8d7bd elementor-section-boxed elementor-section-height-default elementor-section-height-default\" data-id=\"8a8d7bd\" data-element_type=\"section\" data-e-type=\"section\" data-settings=\"{&quot;background_background&quot;:&quot;classic&quot;,&quot;sticky_offset&quot;:87,&quot;sticky_offset_mobile&quot;:97,&quot;sticky&quot;:&quot;top&quot;,&quot;sticky_on&quot;:[&quot;desktop&quot;,&quot;laptop&quot;,&quot;tablet&quot;,&quot;mobile&quot;],&quot;sticky_effects_offset&quot;:0,&quot;sticky_anchor_link_offset&quot;:0}\">\n\t\t\t\t\t\t\t<div class=\"elementor-background-overlay\"><\/div>\n\t\t\t\t\t\t\t<div class=\"elementor-container elementor-column-gap-default\">\n\t\t\t\t\t<div class=\"elementor-column elementor-col-100 elementor-top-column elementor-element elementor-element-b6f5c0d\" data-id=\"b6f5c0d\" data-element_type=\"column\" data-e-type=\"column\">\n\t\t\t<div class=\"elementor-widget-wrap elementor-element-populated\">\n\t\t\t\t\t\t<div class=\"elementor-element elementor-element-28c6ae0 elementor-nav-menu__align-center elementor-nav-menu--dropdown-none elementor-widget elementor-widget-nav-menu\" data-id=\"28c6ae0\" data-element_type=\"widget\" data-e-type=\"widget\" data-settings=\"{&quot;layout&quot;:&quot;horizontal&quot;,&quot;submenu_icon&quot;:{&quot;value&quot;:&quot;&lt;i class=\\&quot;fas fa-caret-down\\&quot; aria-hidden=\\&quot;true\\&quot;&gt;&lt;\\\/i&gt;&quot;,&quot;library&quot;:&quot;fa-solid&quot;}}\" data-widget_type=\"nav-menu.default\">\n\t\t\t\t<div class=\"elementor-widget-container\">\n\t\t\t\t\t\t\t\t<nav aria-label=\"Menu\" class=\"elementor-nav-menu--main elementor-nav-menu__container elementor-nav-menu--layout-horizontal e--pointer-none\">\n\t\t\t\t<ul id=\"menu-1-28c6ae0\" class=\"elementor-nav-menu\"><li class=\"menu-item menu-item-type-post_type menu-item-object-page menu-item-7750\"><a href=\"https:\/\/www.sumasupermercados.es\/hazte-franquiciado\/secciones-especializadas\/\" class=\"elementor-item\">Seccions especialitzades<\/a><\/li>\n<li class=\"menu-item menu-item-type-post_type menu-item-object-page menu-item-7749\"><a href=\"https:\/\/www.sumasupermercados.es\/hazte-franquiciado\/nuestras-marcas\/\" class=\"elementor-item\">Les nostres marques<\/a><\/li>\n<li class=\"menu-item menu-item-type-post_type menu-item-object-page menu-item-7752\"><a href=\"https:\/\/www.sumasupermercados.es\/hazte-franquiciado\/tecnologia\/\" class=\"elementor-item\">Tecnologia<\/a><\/li>\n<li class=\"menu-item menu-item-type-post_type menu-item-object-page menu-item-7751\"><a href=\"https:\/\/www.sumasupermercados.es\/hazte-franquiciado\/faqs\/\" class=\"elementor-item\">Preguntes freq\u00fcents<\/a><\/li>\n<li class=\"menu-item menu-item-type-post_type menu-item-object-page menu-item-7748\"><a href=\"https:\/\/www.sumasupermercados.es\/hazte-franquiciado\/sumate-a-suma\/\" class=\"elementor-item\">Suma&#8217;t a SUMA<\/a><\/li>\n<\/ul>\t\t\t<\/nav>\n\t\t\t\t\t\t<nav class=\"elementor-nav-menu--dropdown elementor-nav-menu__container\" aria-hidden=\"true\">\n\t\t\t\t<ul id=\"menu-2-28c6ae0\" class=\"elementor-nav-menu\"><li class=\"menu-item menu-item-type-post_type menu-item-object-page menu-item-7750\"><a href=\"https:\/\/www.sumasupermercados.es\/hazte-franquiciado\/secciones-especializadas\/\" class=\"elementor-item\" tabindex=\"-1\">Seccions especialitzades<\/a><\/li>\n<li class=\"menu-item menu-item-type-post_type menu-item-object-page menu-item-7749\"><a href=\"https:\/\/www.sumasupermercados.es\/hazte-franquiciado\/nuestras-marcas\/\" class=\"elementor-item\" tabindex=\"-1\">Les nostres marques<\/a><\/li>\n<li class=\"menu-item menu-item-type-post_type menu-item-object-page menu-item-7752\"><a href=\"https:\/\/www.sumasupermercados.es\/hazte-franquiciado\/tecnologia\/\" class=\"elementor-item\" tabindex=\"-1\">Tecnologia<\/a><\/li>\n<li class=\"menu-item menu-item-type-post_type menu-item-object-page menu-item-7751\"><a href=\"https:\/\/www.sumasupermercados.es\/hazte-franquiciado\/faqs\/\" class=\"elementor-item\" tabindex=\"-1\">Preguntes freq\u00fcents<\/a><\/li>\n<li class=\"menu-item menu-item-type-post_type menu-item-object-page menu-item-7748\"><a href=\"https:\/\/www.sumasupermercados.es\/hazte-franquiciado\/sumate-a-suma\/\" class=\"elementor-item\" tabindex=\"-1\">Suma&#8217;t a SUMA<\/a><\/li>\n<\/ul>\t\t\t<\/nav>\n\t\t\t\t\t\t<\/div>\n\t\t\t\t<\/div>\n\t\t\t\t\t<\/div>\n\t\t<\/div>\n\t\t\t\t\t<\/div>\n\t\t<\/section>\n\t\t\t\t<section data-particle_enable=\"false\" data-particle-mobile-disabled=\"false\" class=\"elementor-section elementor-top-section elementor-element elementor-element-eab27b8 elementor-section-boxed elementor-section-height-default elementor-section-height-default\" data-id=\"eab27b8\" data-element_type=\"section\" data-e-type=\"section\" data-settings=\"{&quot;background_background&quot;:&quot;classic&quot;}\">\n\t\t\t\t\t\t\t<div class=\"elementor-background-overlay\"><\/div>\n\t\t\t\t\t\t\t<div class=\"elementor-container elementor-column-gap-default\">\n\t\t\t\t\t<div class=\"elementor-column elementor-col-100 elementor-top-column elementor-element elementor-element-d933279\" data-id=\"d933279\" data-element_type=\"column\" data-e-type=\"column\">\n\t\t\t<div class=\"elementor-widget-wrap elementor-element-populated\">\n\t\t\t\t\t\t<section data-particle_enable=\"false\" data-particle-mobile-disabled=\"false\" class=\"elementor-section elementor-inner-section elementor-element elementor-element-db6465c elementor-section-boxed elementor-section-height-default elementor-section-height-default\" data-id=\"db6465c\" data-element_type=\"section\" data-e-type=\"section\">\n\t\t\t\t\t\t<div class=\"elementor-container elementor-column-gap-default\">\n\t\t\t\t\t<div class=\"elementor-column elementor-col-50 elementor-inner-column elementor-element elementor-element-ac1ed61\" data-id=\"ac1ed61\" data-element_type=\"column\" data-e-type=\"column\">\n\t\t\t<div class=\"elementor-widget-wrap elementor-element-populated\">\n\t\t\t\t\t\t<div class=\"elementor-element elementor-element-bdf5bd9 elementor-widget elementor-widget-heading\" data-id=\"bdf5bd9\" data-element_type=\"widget\" data-e-type=\"widget\" data-widget_type=\"heading.default\">\n\t\t\t\t<div class=\"elementor-widget-container\">\n\t\t\t\t\t<h1 class=\"elementor-heading-title elementor-size-default\">Els teus objectius s\u00f3n els nostres<\/h1>\t\t\t\t<\/div>\n\t\t\t\t<\/div>\n\t\t\t\t<div class=\"elementor-element elementor-element-a723cf6 elementor-widget elementor-widget-text-editor\" data-id=\"a723cf6\" data-element_type=\"widget\" data-e-type=\"widget\" data-widget_type=\"text-editor.default\">\n\t\t\t\t<div class=\"elementor-widget-container\">\n\t\t\t\t\t\t\t\t\t<p>Som Transgourmet, la companyia de refer\u00e8ncia en el sector de la distribuci\u00f3 aliment\u00e0ria a Espanya, i posem al teu servei una gran estructura perqu\u00e8 gestionis el teu supermercat de forma f\u00e0cil i aconsegueixis rendibilitat i benefici de manera c\u00f2moda i senzilla.<\/p>\n<p>Et donem suport durant tot el projecte; primer amb els nostres professionals d&#8217;expansi\u00f3, que t&#8217;ajudaran en la localitzaci\u00f3 de la botiga i l&#8217;an\u00e0lisi de l&#8217;entorn. I despr\u00e9s, amb un assessor\/a personalitzat, que t&#8217;acompanyar\u00e0 per assegurar el bon funcionament del teu negoci. <\/p>\n<p><strong>Donarem resposta a les teves preguntes<\/strong>. Si vols, aqu\u00ed te n\u2019oferim algunes per comen\u00e7ar.<\/p>\n\t\t\t\t\t\t\t\t<\/div>\n\t\t\t\t<\/div>\n\t\t\t\t\t<\/div>\n\t\t<\/div>\n\t\t\t\t<div class=\"elementor-column elementor-col-50 elementor-inner-column elementor-element elementor-element-8d57b12\" data-id=\"8d57b12\" data-element_type=\"column\" data-e-type=\"column\">\n\t\t\t<div class=\"elementor-widget-wrap elementor-element-populated\">\n\t\t\t\t\t\t<div class=\"elementor-element elementor-element-ba66e92 elementor-widget elementor-widget-image\" data-id=\"ba66e92\" data-element_type=\"widget\" data-e-type=\"widget\" data-settings=\"{&quot;motion_fx_motion_fx_scrolling&quot;:&quot;yes&quot;,&quot;motion_fx_translateX_effect&quot;:&quot;yes&quot;,&quot;motion_fx_translateX_direction&quot;:&quot;negative&quot;,&quot;motion_fx_translateX_speed&quot;:{&quot;unit&quot;:&quot;px&quot;,&quot;size&quot;:0.7,&quot;sizes&quot;:[]},&quot;motion_fx_scale_effect&quot;:&quot;yes&quot;,&quot;motion_fx_scale_speed&quot;:{&quot;unit&quot;:&quot;px&quot;,&quot;size&quot;:2,&quot;sizes&quot;:[]},&quot;motion_fx_translateX_affectedRange&quot;:{&quot;unit&quot;:&quot;%&quot;,&quot;size&quot;:&quot;&quot;,&quot;sizes&quot;:{&quot;start&quot;:0,&quot;end&quot;:100}},&quot;motion_fx_scale_direction&quot;:&quot;out-in&quot;,&quot;motion_fx_scale_range&quot;:{&quot;unit&quot;:&quot;%&quot;,&quot;size&quot;:&quot;&quot;,&quot;sizes&quot;:{&quot;start&quot;:20,&quot;end&quot;:80}},&quot;motion_fx_devices&quot;:[&quot;desktop&quot;,&quot;laptop&quot;,&quot;tablet&quot;,&quot;mobile&quot;]}\" data-widget_type=\"image.default\">\n\t\t\t\t<div class=\"elementor-widget-container\">\n\t\t\t\t\t\t\t\t\t\t\t\t\t\t\t<img fetchpriority=\"high\" decoding=\"async\" width=\"1000\" height=\"1481\" src=\"https:\/\/www.sumasupermercados.es\/wp-content\/uploads\/2022\/11\/shutterstock_111199223.png\" class=\"attachment-full size-full wp-image-8737\" alt=\"\" srcset=\"https:\/\/www.sumasupermercados.es\/wp-content\/uploads\/2022\/11\/shutterstock_111199223.png 1000w, https:\/\/www.sumasupermercados.es\/wp-content\/uploads\/2022\/11\/shutterstock_111199223-203x300.png 203w, https:\/\/www.sumasupermercados.es\/wp-content\/uploads\/2022\/11\/shutterstock_111199223-691x1024.png 691w, https:\/\/www.sumasupermercados.es\/wp-content\/uploads\/2022\/11\/shutterstock_111199223-768x1137.png 768w\" sizes=\"(max-width: 1000px) 100vw, 1000px\" \/>\t\t\t\t\t\t\t\t\t\t\t\t\t\t\t<\/div>\n\t\t\t\t<\/div>\n\t\t\t\t\t<\/div>\n\t\t<\/div>\n\t\t\t\t\t<\/div>\n\t\t<\/section>\n\t\t\t\t\t<\/div>\n\t\t<\/div>\n\t\t\t\t\t<\/div>\n\t\t<\/section>\n\t\t\t\t<section data-particle_enable=\"false\" data-particle-mobile-disabled=\"false\" class=\"elementor-section elementor-top-section elementor-element elementor-element-16f7917 elementor-section-boxed elementor-section-height-default elementor-section-height-default\" data-id=\"16f7917\" data-element_type=\"section\" data-e-type=\"section\" data-settings=\"{&quot;background_background&quot;:&quot;classic&quot;}\">\n\t\t\t\t\t\t<div class=\"elementor-container elementor-column-gap-default\">\n\t\t\t\t\t<div class=\"elementor-column elementor-col-100 elementor-top-column elementor-element elementor-element-ce0da24\" data-id=\"ce0da24\" data-element_type=\"column\" data-e-type=\"column\">\n\t\t\t<div class=\"elementor-widget-wrap elementor-element-populated\">\n\t\t\t\t\t\t<div class=\"elementor-element elementor-element-33637bf elementor-widget elementor-widget-text-editor\" data-id=\"33637bf\" data-element_type=\"widget\" data-e-type=\"widget\" data-widget_type=\"text-editor.default\">\n\t\t\t\t<div class=\"elementor-widget-container\">\n\t\t\t\t\t\t\t\t\t<p>Sobre el local i la seva ubicaci\u00f3<\/p>\n\t\t\t\t\t\t\t\t<\/div>\n\t\t\t\t<\/div>\n\t\t\t\t<div class=\"elementor-element elementor-element-469c9b6 elementor-widget elementor-widget-eael-adv-accordion\" data-id=\"469c9b6\" data-element_type=\"widget\" data-e-type=\"widget\" data-widget_type=\"eael-adv-accordion.default\">\n\t\t\t\t<div class=\"elementor-widget-container\">\n\t\t\t\t\t            <div class=\"eael-adv-accordion\" id=\"eael-adv-accordion-469c9b6\" data-scroll-on-click=\"no\" data-scroll-speed=\"300\" data-accordion-id=\"469c9b6\" data-accordion-type=\"accordion\" data-toogle-speed=\"300\">\n            <div class=\"eael-accordion-list\">\n\t\t\t\t\t<div id=\"on-es-pot-establir-una-franqucia-suma\" class=\"elementor-tab-title eael-accordion-header\" tabindex=\"0\" data-tab=\"1\" aria-controls=\"elementor-tab-content-7401\"><span class=\"eael-advanced-accordion-icon-closed\"><\/span><span class=\"eael-advanced-accordion-icon-opened\"><\/span><span class=\"eael-accordion-tab-title\">On es pot establir una franqu\u00edcia Suma?<\/span><i aria-hidden=\"true\" class=\"fa-toggle fas fa-angle-right\"><\/i><\/div><div id=\"elementor-tab-content-7401\" class=\"eael-accordion-content clearfix\" data-tab=\"1\" aria-labelledby=\"on-es-pot-establir-una-franqucia-suma\"><p>En zones rurals o municipis amb 2.000 habitants com a m\u00ednim o b\u00e9 en grans ciutats, en una zona que concentri un nombre d&#8217;habitatges garantit per a assegurar el bon funcionament del negoci. Tamb\u00e9 en zones tur\u00edstiques de temporada.<\/p>\n<\/div>\n\t\t\t\t\t<\/div><div class=\"eael-accordion-list\">\n\t\t\t\t\t<div id=\"on-s-ms-convenient-que-estigui-situat-el-local\" class=\"elementor-tab-title eael-accordion-header\" tabindex=\"0\" data-tab=\"2\" aria-controls=\"elementor-tab-content-7402\"><span class=\"eael-advanced-accordion-icon-closed\"><\/span><span class=\"eael-advanced-accordion-icon-opened\"><\/span><span class=\"eael-accordion-tab-title\">On \u00e9s m\u00e9s convenient que estigui situat el local?<\/span><i aria-hidden=\"true\" class=\"fa-toggle fas fa-angle-right\"><\/i><\/div><div id=\"elementor-tab-content-7402\" class=\"eael-accordion-content clearfix\" data-tab=\"2\" aria-labelledby=\"on-s-ms-convenient-que-estigui-situat-el-local\"><p>El nostre tipus de negoci pot instal\u00b7lar-se en vies urbanes importants, places, parcs, carrers alternatius o secundaris, sempre tenint en compte l&#8217;estudi d&#8217;entorn que el nostre equip d&#8217;expansi\u00f3 realitza per a tu.<\/p>\n<\/div>\n\t\t\t\t\t<\/div><div class=\"eael-accordion-list\">\n\t\t\t\t\t<div id=\"quines-caracterstiques-ha-de-complir-el-local\" class=\"elementor-tab-title eael-accordion-header\" tabindex=\"0\" data-tab=\"3\" aria-controls=\"elementor-tab-content-7403\"><span class=\"eael-advanced-accordion-icon-closed\"><\/span><span class=\"eael-advanced-accordion-icon-opened\"><\/span><span class=\"eael-accordion-tab-title\">Quines caracter\u00edstiques ha de complir el local?<\/span><i aria-hidden=\"true\" class=\"fa-toggle fas fa-angle-right\"><\/i><\/div><div id=\"elementor-tab-content-7403\" class=\"eael-accordion-content clearfix\" data-tab=\"3\" aria-labelledby=\"quines-caracterstiques-ha-de-complir-el-local\"><p>Apostem per locals que disposin d&#8217;un m\u00ednim de 90 m<sup>2<\/sup> de sala de vendes fins a un m\u00e0xim de 700, amb l&#8217;espai per a magatzem a part. La mitjana de les nostres franqu\u00edcies se situa entre els 200 i els 250 m<sup>2<\/sup>.<\/p>\n<p>\u00c9s important que el local sigui di\u00e0fan, que tingui acc\u00e9s directe des del carrer i entrada de mercaderies, i que a l&#8217;interior s&#8217;evitin columnes innecess\u00e0ries i pendents. Es valora de forma molt favorable que sigui cantoner i amb fa\u00e7ana envidrada. \u00c9s opcional que disposi d&#8217;aparcament propi.<\/p>\n<p>Fonamental que compti amb la llic\u00e8ncia d&#8217;activitat comercial.<\/p>\n<\/div>\n\t\t\t\t\t<\/div><\/div>\t\t\t\t<\/div>\n\t\t\t\t<\/div>\n\t\t\t\t\t<\/div>\n\t\t<\/div>\n\t\t\t\t\t<\/div>\n\t\t<\/section>\n\t\t\t\t<section data-particle_enable=\"false\" data-particle-mobile-disabled=\"false\" class=\"elementor-section elementor-top-section elementor-element elementor-element-fa33eea elementor-section-boxed elementor-section-height-default elementor-section-height-default\" data-id=\"fa33eea\" data-element_type=\"section\" data-e-type=\"section\" data-settings=\"{&quot;background_background&quot;:&quot;classic&quot;}\">\n\t\t\t\t\t\t<div class=\"elementor-container elementor-column-gap-default\">\n\t\t\t\t\t<div class=\"elementor-column elementor-col-100 elementor-top-column elementor-element elementor-element-1626e99\" data-id=\"1626e99\" data-element_type=\"column\" data-e-type=\"column\">\n\t\t\t<div class=\"elementor-widget-wrap elementor-element-populated\">\n\t\t\t\t\t\t<div class=\"elementor-element elementor-element-11ba6df elementor-widget elementor-widget-text-editor\" data-id=\"11ba6df\" data-element_type=\"widget\" data-e-type=\"widget\" data-widget_type=\"text-editor.default\">\n\t\t\t\t<div class=\"elementor-widget-container\">\n\t\t\t\t\t\t\t\t\t<p>Sobre les obres<\/p>\n\t\t\t\t\t\t\t\t<\/div>\n\t\t\t\t<\/div>\n\t\t\t\t<div class=\"elementor-element elementor-element-3d1cca7 elementor-widget elementor-widget-eael-adv-accordion\" data-id=\"3d1cca7\" data-element_type=\"widget\" data-e-type=\"widget\" data-widget_type=\"eael-adv-accordion.default\">\n\t\t\t\t<div class=\"elementor-widget-container\">\n\t\t\t\t\t            <div class=\"eael-adv-accordion\" id=\"eael-adv-accordion-3d1cca7\" data-scroll-on-click=\"no\" data-scroll-speed=\"300\" data-accordion-id=\"3d1cca7\" data-accordion-type=\"accordion\" data-toogle-speed=\"300\">\n            <div class=\"eael-accordion-list\">\n\t\t\t\t\t<div id=\"qui-pot-fer-les-obres\" class=\"elementor-tab-title eael-accordion-header\" tabindex=\"0\" data-tab=\"1\" aria-controls=\"elementor-tab-content-6401\"><span class=\"eael-advanced-accordion-icon-closed\"><\/span><span class=\"eael-advanced-accordion-icon-opened\"><\/span><span class=\"eael-accordion-tab-title\">Qui pot fer les obres?<\/span><i aria-hidden=\"true\" class=\"fa-toggle fas fa-angle-right\"><\/i><\/div><div id=\"elementor-tab-content-6401\" class=\"eael-accordion-content clearfix\" data-tab=\"1\" aria-labelledby=\"qui-pot-fer-les-obres\"><p>Som una franqu\u00edcia flexible i pots triar lliurement. No obstant aix\u00f2, com que et volem donar suport, posem a la teva disposici\u00f3 el concepte \u201cclau en m\u00e0\u201d: un equip d&#8217;arquitectura i disseny d&#8217;interiors realitza tot el projecte, d&#8217;acord amb el nostre cat\u00e0leg, per a alliberar-te de preocupacions.<\/p>\n<\/div>\n\t\t\t\t\t<\/div><div class=\"eael-accordion-list\">\n\t\t\t\t\t<div id=\"quines-obres-shan-de-fer-i-com-es-poden-calcular-els-costos\" class=\"elementor-tab-title eael-accordion-header\" tabindex=\"0\" data-tab=\"2\" aria-controls=\"elementor-tab-content-6402\"><span class=\"eael-advanced-accordion-icon-closed\"><\/span><span class=\"eael-advanced-accordion-icon-opened\"><\/span><span class=\"eael-accordion-tab-title\">Quines obres s'han de fer i com es poden calcular els costos?<\/span><i aria-hidden=\"true\" class=\"fa-toggle fas fa-angle-right\"><\/i><\/div><div id=\"elementor-tab-content-6402\" class=\"eael-accordion-content clearfix\" data-tab=\"2\" aria-labelledby=\"quines-obres-shan-de-fer-i-com-es-poden-calcular-els-costos\">Dep\u00e8n del local que tinguis o que h\u00e0gim triat amb tu per a instal\u00b7lar el supermercat. En funci\u00f3 de l&#8217;estat de l&#8217;espai i les modificacions necess\u00e0ries, el pressupost que presentem contempla:\n<ul> <li>Obra civil<\/li>\n \t<li>Equipament<\/li>\n \t<li>Instal\u00b7lacions<\/li>\n \t<li>Producte\/Mercaderia<\/li>\n<\/ul>\n<br>\nCom a mitjana, a t\u00edtol il\u00b7lustratiu i condicionat sempre a un pressupost rigor\u00f3s, xifrar\u00edem la base de partida entre un m\u00ednim de 70.000 \u20ac i un m\u00e0xim de 250.000 \u20ac.<\/div>\n\t\t\t\t\t<\/div><\/div>\t\t\t\t<\/div>\n\t\t\t\t<\/div>\n\t\t\t\t\t<\/div>\n\t\t<\/div>\n\t\t\t\t\t<\/div>\n\t\t<\/section>\n\t\t\t\t<section data-particle_enable=\"false\" data-particle-mobile-disabled=\"false\" class=\"elementor-section elementor-top-section elementor-element elementor-element-4212a1b elementor-section-boxed elementor-section-height-default elementor-section-height-default\" data-id=\"4212a1b\" data-element_type=\"section\" data-e-type=\"section\" data-settings=\"{&quot;background_background&quot;:&quot;classic&quot;}\">\n\t\t\t\t\t\t<div class=\"elementor-container elementor-column-gap-default\">\n\t\t\t\t\t<div class=\"elementor-column elementor-col-100 elementor-top-column elementor-element elementor-element-ba79b0b\" data-id=\"ba79b0b\" data-element_type=\"column\" data-e-type=\"column\">\n\t\t\t<div class=\"elementor-widget-wrap elementor-element-populated\">\n\t\t\t\t\t\t<div class=\"elementor-element elementor-element-7ef79b0 elementor-widget elementor-widget-text-editor\" data-id=\"7ef79b0\" data-element_type=\"widget\" data-e-type=\"widget\" data-widget_type=\"text-editor.default\">\n\t\t\t\t<div class=\"elementor-widget-container\">\n\t\t\t\t\t\t\t\t\t<p>Sobre la preparaci\u00f3 del personal<\/p>\n\t\t\t\t\t\t\t\t<\/div>\n\t\t\t\t<\/div>\n\t\t\t\t<div class=\"elementor-element elementor-element-a37958c elementor-widget elementor-widget-eael-adv-accordion\" data-id=\"a37958c\" data-element_type=\"widget\" data-e-type=\"widget\" data-widget_type=\"eael-adv-accordion.default\">\n\t\t\t\t<div class=\"elementor-widget-container\">\n\t\t\t\t\t            <div class=\"eael-adv-accordion\" id=\"eael-adv-accordion-a37958c\" data-scroll-on-click=\"no\" data-scroll-speed=\"300\" data-accordion-id=\"a37958c\" data-accordion-type=\"accordion\" data-toogle-speed=\"300\">\n            <div class=\"eael-accordion-list\">\n\t\t\t\t\t<div id=\"quina-formaci-de-personal-es-necessita-i-com-es-fa\" class=\"elementor-tab-title eael-accordion-header\" tabindex=\"0\" data-tab=\"1\" aria-controls=\"elementor-tab-content-1711\"><span class=\"eael-advanced-accordion-icon-closed\"><\/span><span class=\"eael-advanced-accordion-icon-opened\"><\/span><span class=\"eael-accordion-tab-title\">Quina formaci\u00f3 de personal es necessita i com es fa?<\/span><i aria-hidden=\"true\" class=\"fa-toggle fas fa-angle-right\"><\/i><\/div><div id=\"elementor-tab-content-1711\" class=\"eael-accordion-content clearfix\" data-tab=\"1\" aria-labelledby=\"quina-formaci-de-personal-es-necessita-i-com-es-fa\"><p>Transgourmet tamb\u00e9 ofereix la formaci\u00f3 del personal per a la nova franqu\u00edcia de Suma. Es realitza en el mateix establiment o, si no \u00e9s possible, en un dels centres franquiciats de la nostra cadena.<\/p>\n<p>Transgourmet es fa c\u00e0rrec del cost de la formaci\u00f3, incloent-hi trasllats i allotjament, si fos necessari.<\/p>\n<\/div>\n\t\t\t\t\t<\/div><\/div>\t\t\t\t<\/div>\n\t\t\t\t<\/div>\n\t\t\t\t\t<\/div>\n\t\t<\/div>\n\t\t\t\t\t<\/div>\n\t\t<\/section>\n\t\t\t\t<section data-particle_enable=\"false\" data-particle-mobile-disabled=\"false\" class=\"elementor-section elementor-top-section elementor-element elementor-element-2c2cfcf elementor-section-boxed elementor-section-height-default elementor-section-height-default\" data-id=\"2c2cfcf\" data-element_type=\"section\" data-e-type=\"section\" data-settings=\"{&quot;background_background&quot;:&quot;classic&quot;}\">\n\t\t\t\t\t\t<div class=\"elementor-container elementor-column-gap-default\">\n\t\t\t\t\t<div class=\"elementor-column elementor-col-100 elementor-top-column elementor-element elementor-element-f5d1085\" data-id=\"f5d1085\" data-element_type=\"column\" data-e-type=\"column\">\n\t\t\t<div class=\"elementor-widget-wrap elementor-element-populated\">\n\t\t\t\t\t\t<div class=\"elementor-element elementor-element-354435d elementor-widget elementor-widget-text-editor\" data-id=\"354435d\" data-element_type=\"widget\" data-e-type=\"widget\" data-widget_type=\"text-editor.default\">\n\t\t\t\t<div class=\"elementor-widget-container\">\n\t\t\t\t\t\t\t\t\t<p>Sobre qu\u00e8 ofereix Transgourmet<\/p>\n\t\t\t\t\t\t\t\t<\/div>\n\t\t\t\t<\/div>\n\t\t\t\t<div class=\"elementor-element elementor-element-7b03757 elementor-widget elementor-widget-eael-adv-accordion\" data-id=\"7b03757\" data-element_type=\"widget\" data-e-type=\"widget\" data-widget_type=\"eael-adv-accordion.default\">\n\t\t\t\t<div class=\"elementor-widget-container\">\n\t\t\t\t\t            <div class=\"eael-adv-accordion\" id=\"eael-adv-accordion-7b03757\" data-scroll-on-click=\"no\" data-scroll-speed=\"300\" data-accordion-id=\"7b03757\" data-accordion-type=\"accordion\" data-toogle-speed=\"300\">\n            <div class=\"eael-accordion-list\">\n\t\t\t\t\t<div id=\"qu-ofereix-transgourmet\" class=\"elementor-tab-title eael-accordion-header\" tabindex=\"0\" data-tab=\"1\" aria-controls=\"elementor-tab-content-1281\"><span class=\"eael-advanced-accordion-icon-closed\"><\/span><span class=\"eael-advanced-accordion-icon-opened\"><\/span><span class=\"eael-accordion-tab-title\">Qu\u00e8 ofereix Transgourmet?<\/span><i aria-hidden=\"true\" class=\"fa-toggle fas fa-angle-right\"><\/i><\/div><div id=\"elementor-tab-content-1281\" class=\"eael-accordion-content clearfix\" data-tab=\"1\" aria-labelledby=\"qu-ofereix-transgourmet\"><ol><li>Pla de negoci a mida: oferim un pla d&#8217;estudi de mercat, viabilitat i gesti\u00f3 de plans t\u00e8cnics sense cap comprom\u00eds.<\/li><li>Adaptaci\u00f3 i flexibilitat per franquiciat\/da: creem un projecte com\u00fa amb la nostra experi\u00e8ncia i adaptat a les necessitats de la teva clientela.<\/li><li>Sense c\u00e0non d&#8217;entrada ni <em>royalties<\/em>: no cobrem cap quantitat per entrar a la nostra xarxa de franqu\u00edcies.<\/li><li>Rendibilitat alta amb nivell competitiu: posem a la teva disposici\u00f3 la nostra xarxa de compra i prove\u00efdors per a aconseguir el millor rendiment per al negoci.<\/li><li>Servei log\u00edstic incl\u00f2s: realitzem un estudi de servei i volum per client\/a, sense cobrar cap sobrecost pel transport.<\/li><li>Tecnologia: una soluci\u00f3 inform\u00e0tica adaptada a la gesti\u00f3 de la teva botiga.<\/li><li>Marca pr\u00f2pia de qualitat i ampli assortiment regional: disposem de m\u00e9s de 22.000 productes entre marca pr\u00f2pia i marca de fabricants, i comptem amb 1.700 prove\u00efdors directes.<\/li><li>Assessorament personalitzat: un especialista et visitar\u00e0 i et presentar\u00e0 els nostres serveis i propostes, de manera cont\u00ednua. El mateix assessor\/a t&#8217;anir\u00e0 presentant les diferents gammes de producte i t&#8217;oferir\u00e0 sempre un bon servei, amb l&#8217;objectiu d&#8217;augmentar les vendes i la rendibilitat del negoci.<\/li><li>Centre d&#8217;atenci\u00f3 al client: disposem d&#8217;un equip d&#8217;agents per a resoldre les teves consultes.<\/li><\/ol><\/div>\n\t\t\t\t\t<\/div><div class=\"eael-accordion-list\">\n\t\t\t\t\t<div id=\"quin-tipus-dassessorament-comercial-realitza-transgourmet\" class=\"elementor-tab-title eael-accordion-header\" tabindex=\"0\" data-tab=\"2\" aria-controls=\"elementor-tab-content-1282\"><span class=\"eael-advanced-accordion-icon-closed\"><\/span><span class=\"eael-advanced-accordion-icon-opened\"><\/span><span class=\"eael-accordion-tab-title\">Quin tipus d'assessorament comercial realitza Transgourmet?<\/span><i aria-hidden=\"true\" class=\"fa-toggle fas fa-angle-right\"><\/i><\/div><div id=\"elementor-tab-content-1282\" class=\"eael-accordion-content clearfix\" data-tab=\"2\" aria-labelledby=\"quin-tipus-dassessorament-comercial-realitza-transgourmet\"><p>Assessorament des de l&#8217;inici del projecte. Aportem un pla de viabilitat i estudi de l&#8217;entorn realitzat pel nostre personal d&#8217;expansi\u00f3, que t&#8217;acompanya durant tot el proc\u00e9s del projecte: troben localitzacions que tinguin una gran visibilitat, gran flux de pas de persones i alta densitat de poblaci\u00f3, tenint en compte el desenvolupament de la compet\u00e8ncia propera.<\/p><p>A m\u00e9s, Suma Supermercats t\u00e9 m\u00e9s de 100 assessors per tot l\u2019Estat, l&#8217;objectiu del qual \u00e9s acompanyar-te des de la preobertura de la botiga, donant-te suport personalment en el bon funcionament del centre perqu\u00e8 puguis vendre m\u00e9s i obtenir major rendibilitat. Donem cobertura al territori peninsular, Balears i Can\u00e0ries.<\/p><p>La funci\u00f3 d&#8217;aquests assessors\/es marca la difer\u00e8ncia respecte a altres franqu\u00edcies aparentment similars, que es limiten a muntar la botiga, subministrar-te l&#8217;assortiment i mensualment supervisar el seu funcionament.<\/p><p>Amb Suma, et visitarem cada setmana per a continuar ajudant-te amb l&#8217;objectiu que tot funcioni correctament i aconseguir els teus objectius, que s\u00f3n els nostres.<\/p><\/div>\n\t\t\t\t\t<\/div><\/div>\t\t\t\t<\/div>\n\t\t\t\t<\/div>\n\t\t\t\t\t<\/div>\n\t\t<\/div>\n\t\t\t\t\t<\/div>\n\t\t<\/section>\n\t\t\t\t<\/div>\n\t\t","protected":false},"excerpt":{"rendered":"<p>Els teus objectius s\u00f3n els nostres Som Transgourmet, la companyia de refer\u00e8ncia en el sector de la distribuci\u00f3 aliment\u00e0ria a Espanya, i posem al teu servei una gran estructura perqu\u00e8 gestionis el teu supermercat de forma f\u00e0cil i aconsegueixis rendibilitat i benefici de manera c\u00f2moda i senzilla. Et donem suport durant tot el projecte; primer&hellip;&nbsp;<\/p>\n","protected":false},"author":1,"featured_media":0,"parent":9162,"menu_order":0,"comment_status":"closed","ping_status":"closed","template":"page-templates\/template-pagebuilder-full-width.php","meta":{"_acf_changed":false,"neve_meta_sidebar":"","neve_meta_container":"","neve_meta_enable_content_width":"off","neve_meta_content_width":100,"neve_meta_title_alignment":"","neve_meta_author_avatar":"","neve_post_elements_order":"","neve_meta_disable_header":"","neve_meta_disable_footer":"","neve_meta_disable_title":"","footnotes":""},"class_list":["post-9126","page","type-page","status-publish","hentry"],"acf":[],"yoast_head":"<!-- This site is optimized with the Yoast SEO plugin v27.4 - https:\/\/yoast.com\/product\/yoast-seo-wordpress\/ -->\n<title>Preguntes freq\u00fcents | Suma<\/title>\n<meta name=\"description\" content=\"Els teus objectius s\u00f3n els nostres. Donarem resposta a les teves preguntes. Si vols, aqu\u00ed t&#039;oferim algunes per a comen\u00e7ar.\" \/>\n<meta name=\"robots\" content=\"index, follow, max-snippet:-1, max-image-preview:large, max-video-preview:-1\" \/>\n<link rel=\"canonical\" href=\"https:\/\/www.sumasupermercados.es\/ca\/converteix-te-en-franquiciat\/preguntes-frequents\/\" \/>\n<meta property=\"og:locale\" content=\"ca_ES\" \/>\n<meta property=\"og:type\" content=\"article\" \/>\n<meta property=\"og:title\" content=\"Preguntes freq\u00fcents | Suma\" \/>\n<meta property=\"og:description\" content=\"Els teus objectius s\u00f3n els nostres. Donarem resposta a les teves preguntes. Si vols, aqu\u00ed t&#039;oferim algunes per a comen\u00e7ar.\" \/>\n<meta property=\"og:url\" content=\"https:\/\/www.sumasupermercados.es\/ca\/converteix-te-en-franquiciat\/preguntes-frequents\/\" \/>\n<meta property=\"og:site_name\" content=\"Suma\" \/>\n<meta property=\"article:publisher\" content=\"https:\/\/www.facebook.com\/sumasupermercadosespana\" \/>\n<meta property=\"article:modified_time\" content=\"2024-02-20T15:15:50+00:00\" \/>\n<meta property=\"og:image\" content=\"https:\/\/www.sumasupermercados.es\/wp-content\/uploads\/2022\/11\/shutterstock_111199223.png\" \/>\n<meta name=\"twitter:card\" content=\"summary_large_image\" \/>\n<meta name=\"twitter:site\" content=\"@transgourmet_es\" \/>\n<meta name=\"twitter:label1\" content=\"Temps estimat de lectura\" \/>\n\t<meta name=\"twitter:data1\" content=\"6 minuts\" \/>\n<script type=\"application\/ld+json\" class=\"yoast-schema-graph\">{\"@context\":\"https:\\\/\\\/schema.org\",\"@graph\":[{\"@type\":\"WebPage\",\"@id\":\"https:\\\/\\\/www.sumasupermercados.es\\\/ca\\\/converteix-te-en-franquiciat\\\/preguntes-frequents\\\/\",\"url\":\"https:\\\/\\\/www.sumasupermercados.es\\\/ca\\\/converteix-te-en-franquiciat\\\/preguntes-frequents\\\/\",\"name\":\"Preguntes freq\u00fcents | Suma\",\"isPartOf\":{\"@id\":\"https:\\\/\\\/www.sumasupermercados.es\\\/ca\\\/#website\"},\"primaryImageOfPage\":{\"@id\":\"https:\\\/\\\/www.sumasupermercados.es\\\/ca\\\/converteix-te-en-franquiciat\\\/preguntes-frequents\\\/#primaryimage\"},\"image\":{\"@id\":\"https:\\\/\\\/www.sumasupermercados.es\\\/ca\\\/converteix-te-en-franquiciat\\\/preguntes-frequents\\\/#primaryimage\"},\"thumbnailUrl\":\"https:\\\/\\\/www.sumasupermercados.es\\\/wp-content\\\/uploads\\\/2022\\\/11\\\/shutterstock_111199223.png\",\"datePublished\":\"2022-12-02T12:04:02+00:00\",\"dateModified\":\"2024-02-20T15:15:50+00:00\",\"description\":\"Els teus objectius s\u00f3n els nostres. Donarem resposta a les teves preguntes. Si vols, aqu\u00ed t'oferim algunes per a comen\u00e7ar.\",\"breadcrumb\":{\"@id\":\"https:\\\/\\\/www.sumasupermercados.es\\\/ca\\\/converteix-te-en-franquiciat\\\/preguntes-frequents\\\/#breadcrumb\"},\"inLanguage\":\"ca\",\"potentialAction\":[{\"@type\":\"ReadAction\",\"target\":[\"https:\\\/\\\/www.sumasupermercados.es\\\/ca\\\/converteix-te-en-franquiciat\\\/preguntes-frequents\\\/\"]}]},{\"@type\":\"ImageObject\",\"inLanguage\":\"ca\",\"@id\":\"https:\\\/\\\/www.sumasupermercados.es\\\/ca\\\/converteix-te-en-franquiciat\\\/preguntes-frequents\\\/#primaryimage\",\"url\":\"https:\\\/\\\/www.sumasupermercados.es\\\/wp-content\\\/uploads\\\/2022\\\/11\\\/shutterstock_111199223.png\",\"contentUrl\":\"https:\\\/\\\/www.sumasupermercados.es\\\/wp-content\\\/uploads\\\/2022\\\/11\\\/shutterstock_111199223.png\"},{\"@type\":\"BreadcrumbList\",\"@id\":\"https:\\\/\\\/www.sumasupermercados.es\\\/ca\\\/converteix-te-en-franquiciat\\\/preguntes-frequents\\\/#breadcrumb\",\"itemListElement\":[{\"@type\":\"ListItem\",\"position\":1,\"name\":\"Portada\",\"item\":\"https:\\\/\\\/www.sumasupermercados.es\\\/ca\\\/\"},{\"@type\":\"ListItem\",\"position\":2,\"name\":\"Converteix-te en franquiciat\",\"item\":\"https:\\\/\\\/www.sumasupermercados.es\\\/ca\\\/converteix-te-en-franquiciat\\\/\"},{\"@type\":\"ListItem\",\"position\":3,\"name\":\"Preguntes freq\u00fcents\"}]},{\"@type\":\"WebSite\",\"@id\":\"https:\\\/\\\/www.sumasupermercados.es\\\/ca\\\/#website\",\"url\":\"https:\\\/\\\/www.sumasupermercados.es\\\/ca\\\/\",\"name\":\"Suma\",\"description\":\"Suma\",\"publisher\":{\"@id\":\"https:\\\/\\\/www.sumasupermercados.es\\\/ca\\\/#organization\"},\"alternateName\":\"Supermercado Suma, tu supermercado de proximidad\",\"potentialAction\":[{\"@type\":\"SearchAction\",\"target\":{\"@type\":\"EntryPoint\",\"urlTemplate\":\"https:\\\/\\\/www.sumasupermercados.es\\\/ca\\\/?s={search_term_string}\"},\"query-input\":{\"@type\":\"PropertyValueSpecification\",\"valueRequired\":true,\"valueName\":\"search_term_string\"}}],\"inLanguage\":\"ca\"},{\"@type\":\"Organization\",\"@id\":\"https:\\\/\\\/www.sumasupermercados.es\\\/ca\\\/#organization\",\"name\":\"Suma\",\"alternateName\":\"Suma Supermercats\",\"url\":\"https:\\\/\\\/www.sumasupermercados.es\\\/ca\\\/\",\"logo\":{\"@type\":\"ImageObject\",\"inLanguage\":\"ca\",\"@id\":\"https:\\\/\\\/www.sumasupermercados.es\\\/ca\\\/#\\\/schema\\\/logo\\\/image\\\/\",\"url\":\"https:\\\/\\\/www.sumasupermercados.es\\\/wp-content\\\/uploads\\\/2023\\\/03\\\/Sin-titulo-1-1.jpg\",\"contentUrl\":\"https:\\\/\\\/www.sumasupermercados.es\\\/wp-content\\\/uploads\\\/2023\\\/03\\\/Sin-titulo-1-1.jpg\",\"width\":691,\"height\":667,\"caption\":\"Suma\"},\"image\":{\"@id\":\"https:\\\/\\\/www.sumasupermercados.es\\\/ca\\\/#\\\/schema\\\/logo\\\/image\\\/\"},\"sameAs\":[\"https:\\\/\\\/www.facebook.com\\\/sumasupermercadosespana\",\"https:\\\/\\\/x.com\\\/transgourmet_es\",\"https:\\\/\\\/www.instagram.com\\\/suma_supermercados_oficial\\\/\",\"https:\\\/\\\/www.linkedin.com\\\/company\\\/suma-supermercados\\\/\",\"https:\\\/\\\/www.youtube.com\\\/c\\\/TransgourmetIberica\"]}]}<\/script>\n<!-- \/ Yoast SEO plugin. -->","yoast_head_json":{"title":"Preguntes freq\u00fcents | Suma","description":"Els teus objectius s\u00f3n els nostres. Donarem resposta a les teves preguntes. Si vols, aqu\u00ed t'oferim algunes per a comen\u00e7ar.","robots":{"index":"index","follow":"follow","max-snippet":"max-snippet:-1","max-image-preview":"max-image-preview:large","max-video-preview":"max-video-preview:-1"},"canonical":"https:\/\/www.sumasupermercados.es\/ca\/converteix-te-en-franquiciat\/preguntes-frequents\/","og_locale":"ca_ES","og_type":"article","og_title":"Preguntes freq\u00fcents | Suma","og_description":"Els teus objectius s\u00f3n els nostres. Donarem resposta a les teves preguntes. Si vols, aqu\u00ed t'oferim algunes per a comen\u00e7ar.","og_url":"https:\/\/www.sumasupermercados.es\/ca\/converteix-te-en-franquiciat\/preguntes-frequents\/","og_site_name":"Suma","article_publisher":"https:\/\/www.facebook.com\/sumasupermercadosespana","article_modified_time":"2024-02-20T15:15:50+00:00","og_image":[{"url":"https:\/\/www.sumasupermercados.es\/wp-content\/uploads\/2022\/11\/shutterstock_111199223.png","type":"","width":"","height":""}],"twitter_card":"summary_large_image","twitter_site":"@transgourmet_es","twitter_misc":{"Temps estimat de lectura":"6 minuts"},"schema":{"@context":"https:\/\/schema.org","@graph":[{"@type":"WebPage","@id":"https:\/\/www.sumasupermercados.es\/ca\/converteix-te-en-franquiciat\/preguntes-frequents\/","url":"https:\/\/www.sumasupermercados.es\/ca\/converteix-te-en-franquiciat\/preguntes-frequents\/","name":"Preguntes freq\u00fcents | Suma","isPartOf":{"@id":"https:\/\/www.sumasupermercados.es\/ca\/#website"},"primaryImageOfPage":{"@id":"https:\/\/www.sumasupermercados.es\/ca\/converteix-te-en-franquiciat\/preguntes-frequents\/#primaryimage"},"image":{"@id":"https:\/\/www.sumasupermercados.es\/ca\/converteix-te-en-franquiciat\/preguntes-frequents\/#primaryimage"},"thumbnailUrl":"https:\/\/www.sumasupermercados.es\/wp-content\/uploads\/2022\/11\/shutterstock_111199223.png","datePublished":"2022-12-02T12:04:02+00:00","dateModified":"2024-02-20T15:15:50+00:00","description":"Els teus objectius s\u00f3n els nostres. Donarem resposta a les teves preguntes. Si vols, aqu\u00ed t'oferim algunes per a comen\u00e7ar.","breadcrumb":{"@id":"https:\/\/www.sumasupermercados.es\/ca\/converteix-te-en-franquiciat\/preguntes-frequents\/#breadcrumb"},"inLanguage":"ca","potentialAction":[{"@type":"ReadAction","target":["https:\/\/www.sumasupermercados.es\/ca\/converteix-te-en-franquiciat\/preguntes-frequents\/"]}]},{"@type":"ImageObject","inLanguage":"ca","@id":"https:\/\/www.sumasupermercados.es\/ca\/converteix-te-en-franquiciat\/preguntes-frequents\/#primaryimage","url":"https:\/\/www.sumasupermercados.es\/wp-content\/uploads\/2022\/11\/shutterstock_111199223.png","contentUrl":"https:\/\/www.sumasupermercados.es\/wp-content\/uploads\/2022\/11\/shutterstock_111199223.png"},{"@type":"BreadcrumbList","@id":"https:\/\/www.sumasupermercados.es\/ca\/converteix-te-en-franquiciat\/preguntes-frequents\/#breadcrumb","itemListElement":[{"@type":"ListItem","position":1,"name":"Portada","item":"https:\/\/www.sumasupermercados.es\/ca\/"},{"@type":"ListItem","position":2,"name":"Converteix-te en franquiciat","item":"https:\/\/www.sumasupermercados.es\/ca\/converteix-te-en-franquiciat\/"},{"@type":"ListItem","position":3,"name":"Preguntes freq\u00fcents"}]},{"@type":"WebSite","@id":"https:\/\/www.sumasupermercados.es\/ca\/#website","url":"https:\/\/www.sumasupermercados.es\/ca\/","name":"Suma","description":"Suma","publisher":{"@id":"https:\/\/www.sumasupermercados.es\/ca\/#organization"},"alternateName":"Supermercado Suma, tu supermercado de proximidad","potentialAction":[{"@type":"SearchAction","target":{"@type":"EntryPoint","urlTemplate":"https:\/\/www.sumasupermercados.es\/ca\/?s={search_term_string}"},"query-input":{"@type":"PropertyValueSpecification","valueRequired":true,"valueName":"search_term_string"}}],"inLanguage":"ca"},{"@type":"Organization","@id":"https:\/\/www.sumasupermercados.es\/ca\/#organization","name":"Suma","alternateName":"Suma Supermercats","url":"https:\/\/www.sumasupermercados.es\/ca\/","logo":{"@type":"ImageObject","inLanguage":"ca","@id":"https:\/\/www.sumasupermercados.es\/ca\/#\/schema\/logo\/image\/","url":"https:\/\/www.sumasupermercados.es\/wp-content\/uploads\/2023\/03\/Sin-titulo-1-1.jpg","contentUrl":"https:\/\/www.sumasupermercados.es\/wp-content\/uploads\/2023\/03\/Sin-titulo-1-1.jpg","width":691,"height":667,"caption":"Suma"},"image":{"@id":"https:\/\/www.sumasupermercados.es\/ca\/#\/schema\/logo\/image\/"},"sameAs":["https:\/\/www.facebook.com\/sumasupermercadosespana","https:\/\/x.com\/transgourmet_es","https:\/\/www.instagram.com\/suma_supermercados_oficial\/","https:\/\/www.linkedin.com\/company\/suma-supermercados\/","https:\/\/www.youtube.com\/c\/TransgourmetIberica"]}]}},"_links":{"self":[{"href":"https:\/\/www.sumasupermercados.es\/ca\/wp-json\/wp\/v2\/pages\/9126","targetHints":{"allow":["GET"]}}],"collection":[{"href":"https:\/\/www.sumasupermercados.es\/ca\/wp-json\/wp\/v2\/pages"}],"about":[{"href":"https:\/\/www.sumasupermercados.es\/ca\/wp-json\/wp\/v2\/types\/page"}],"author":[{"embeddable":true,"href":"https:\/\/www.sumasupermercados.es\/ca\/wp-json\/wp\/v2\/users\/1"}],"replies":[{"embeddable":true,"href":"https:\/\/www.sumasupermercados.es\/ca\/wp-json\/wp\/v2\/comments?post=9126"}],"version-history":[{"count":12,"href":"https:\/\/www.sumasupermercados.es\/ca\/wp-json\/wp\/v2\/pages\/9126\/revisions"}],"predecessor-version":[{"id":12343,"href":"https:\/\/www.sumasupermercados.es\/ca\/wp-json\/wp\/v2\/pages\/9126\/revisions\/12343"}],"up":[{"embeddable":true,"href":"https:\/\/www.sumasupermercados.es\/ca\/wp-json\/wp\/v2\/pages\/9162"}],"wp:attachment":[{"href":"https:\/\/www.sumasupermercados.es\/ca\/wp-json\/wp\/v2\/media?parent=9126"}],"curies":[{"name":"wp","href":"https:\/\/api.w.org\/{rel}","templated":true}]}}