{"id":9128,"date":"2022-12-02T12:55:28","date_gmt":"2022-12-02T11:55:28","guid":{"rendered":"https:\/\/www.sumasupermercados.es\/seccions-especialitzades\/"},"modified":"2023-10-05T10:57:07","modified_gmt":"2023-10-05T08:57:07","slug":"seccions-especialitzades","status":"publish","type":"page","link":"https:\/\/www.sumasupermercados.es\/ca\/converteix-te-en-franquiciat\/seccions-especialitzades\/","title":{"rendered":"Seccions especialitzades"},"content":{"rendered":"\t\t<div data-elementor-type=\"wp-page\" data-elementor-id=\"9128\" class=\"elementor elementor-9128 elementor-5391\" data-elementor-post-type=\"page\">\n\t\t\t\t\t\t<section data-particle_enable=\"false\" data-particle-mobile-disabled=\"false\" class=\"elementor-section elementor-top-section elementor-element elementor-element-534dc13 elementor-section-boxed elementor-section-height-default elementor-section-height-default\" data-id=\"534dc13\" data-element_type=\"section\" data-e-type=\"section\" data-settings=\"{&quot;background_background&quot;:&quot;classic&quot;,&quot;sticky&quot;:&quot;top&quot;,&quot;sticky_offset&quot;:87,&quot;sticky_offset_mobile&quot;:97,&quot;sticky_on&quot;:[&quot;desktop&quot;,&quot;laptop&quot;,&quot;tablet&quot;,&quot;mobile&quot;],&quot;sticky_effects_offset&quot;:0,&quot;sticky_anchor_link_offset&quot;:0}\">\n\t\t\t\t\t\t\t<div class=\"elementor-background-overlay\"><\/div>\n\t\t\t\t\t\t\t<div class=\"elementor-container elementor-column-gap-default\">\n\t\t\t\t\t<div class=\"elementor-column elementor-col-100 elementor-top-column elementor-element elementor-element-054b7f8\" data-id=\"054b7f8\" data-element_type=\"column\" data-e-type=\"column\">\n\t\t\t<div class=\"elementor-widget-wrap elementor-element-populated\">\n\t\t\t\t\t\t<div class=\"elementor-element elementor-element-0c201ab elementor-nav-menu__align-center elementor-nav-menu--dropdown-none elementor-widget elementor-widget-nav-menu\" data-id=\"0c201ab\" data-element_type=\"widget\" data-e-type=\"widget\" data-settings=\"{&quot;layout&quot;:&quot;horizontal&quot;,&quot;submenu_icon&quot;:{&quot;value&quot;:&quot;&lt;i class=\\&quot;fas fa-caret-down\\&quot; aria-hidden=\\&quot;true\\&quot;&gt;&lt;\\\/i&gt;&quot;,&quot;library&quot;:&quot;fa-solid&quot;}}\" data-widget_type=\"nav-menu.default\">\n\t\t\t\t<div class=\"elementor-widget-container\">\n\t\t\t\t\t\t\t\t<nav aria-label=\"Menu\" class=\"elementor-nav-menu--main elementor-nav-menu__container elementor-nav-menu--layout-horizontal e--pointer-none\">\n\t\t\t\t<ul id=\"menu-1-0c201ab\" class=\"elementor-nav-menu\"><li class=\"menu-item menu-item-type-post_type menu-item-object-page menu-item-7750\"><a href=\"https:\/\/www.sumasupermercados.es\/hazte-franquiciado\/secciones-especializadas\/\" class=\"elementor-item\">Seccions especialitzades<\/a><\/li>\n<li class=\"menu-item menu-item-type-post_type menu-item-object-page menu-item-7749\"><a href=\"https:\/\/www.sumasupermercados.es\/hazte-franquiciado\/nuestras-marcas\/\" class=\"elementor-item\">Les nostres marques<\/a><\/li>\n<li class=\"menu-item menu-item-type-post_type menu-item-object-page menu-item-7752\"><a href=\"https:\/\/www.sumasupermercados.es\/hazte-franquiciado\/tecnologia\/\" class=\"elementor-item\">Tecnologia<\/a><\/li>\n<li class=\"menu-item menu-item-type-post_type menu-item-object-page menu-item-7751\"><a href=\"https:\/\/www.sumasupermercados.es\/hazte-franquiciado\/faqs\/\" class=\"elementor-item\">Preguntes freq\u00fcents<\/a><\/li>\n<li class=\"menu-item menu-item-type-post_type menu-item-object-page menu-item-7748\"><a href=\"https:\/\/www.sumasupermercados.es\/hazte-franquiciado\/sumate-a-suma\/\" class=\"elementor-item\">Suma&#8217;t a SUMA<\/a><\/li>\n<\/ul>\t\t\t<\/nav>\n\t\t\t\t\t\t<nav class=\"elementor-nav-menu--dropdown elementor-nav-menu__container\" aria-hidden=\"true\">\n\t\t\t\t<ul id=\"menu-2-0c201ab\" class=\"elementor-nav-menu\"><li class=\"menu-item menu-item-type-post_type menu-item-object-page menu-item-7750\"><a href=\"https:\/\/www.sumasupermercados.es\/hazte-franquiciado\/secciones-especializadas\/\" class=\"elementor-item\" tabindex=\"-1\">Seccions especialitzades<\/a><\/li>\n<li class=\"menu-item menu-item-type-post_type menu-item-object-page menu-item-7749\"><a href=\"https:\/\/www.sumasupermercados.es\/hazte-franquiciado\/nuestras-marcas\/\" class=\"elementor-item\" tabindex=\"-1\">Les nostres marques<\/a><\/li>\n<li class=\"menu-item menu-item-type-post_type menu-item-object-page menu-item-7752\"><a href=\"https:\/\/www.sumasupermercados.es\/hazte-franquiciado\/tecnologia\/\" class=\"elementor-item\" tabindex=\"-1\">Tecnologia<\/a><\/li>\n<li class=\"menu-item menu-item-type-post_type menu-item-object-page menu-item-7751\"><a href=\"https:\/\/www.sumasupermercados.es\/hazte-franquiciado\/faqs\/\" class=\"elementor-item\" tabindex=\"-1\">Preguntes freq\u00fcents<\/a><\/li>\n<li class=\"menu-item menu-item-type-post_type menu-item-object-page menu-item-7748\"><a href=\"https:\/\/www.sumasupermercados.es\/hazte-franquiciado\/sumate-a-suma\/\" class=\"elementor-item\" tabindex=\"-1\">Suma&#8217;t a SUMA<\/a><\/li>\n<\/ul>\t\t\t<\/nav>\n\t\t\t\t\t\t<\/div>\n\t\t\t\t<\/div>\n\t\t\t\t\t<\/div>\n\t\t<\/div>\n\t\t\t\t\t<\/div>\n\t\t<\/section>\n\t\t\t\t<section data-particle_enable=\"false\" data-particle-mobile-disabled=\"false\" class=\"elementor-section elementor-top-section elementor-element elementor-element-a5ffdfc elementor-section-height-min-height elementor-section-boxed elementor-section-height-default elementor-section-items-middle\" data-id=\"a5ffdfc\" data-element_type=\"section\" data-e-type=\"section\" data-settings=\"{&quot;background_background&quot;:&quot;classic&quot;}\">\n\t\t\t\t\t\t\t<div class=\"elementor-background-overlay\"><\/div>\n\t\t\t\t\t\t\t<div class=\"elementor-container elementor-column-gap-default\">\n\t\t\t\t\t<div class=\"elementor-column elementor-col-100 elementor-top-column elementor-element elementor-element-3571fd9\" data-id=\"3571fd9\" data-element_type=\"column\" data-e-type=\"column\">\n\t\t\t<div class=\"elementor-widget-wrap elementor-element-populated\">\n\t\t\t\t\t\t<div class=\"elementor-element elementor-element-af85a27 elementor-widget elementor-widget-heading\" data-id=\"af85a27\" data-element_type=\"widget\" data-e-type=\"widget\" data-widget_type=\"heading.default\">\n\t\t\t\t<div class=\"elementor-widget-container\">\n\t\t\t\t\t<h1 class=\"elementor-heading-title elementor-size-default\">Seccions especialitzades<\/h1>\t\t\t\t<\/div>\n\t\t\t\t<\/div>\n\t\t\t\t\t<\/div>\n\t\t<\/div>\n\t\t\t\t\t<\/div>\n\t\t<\/section>\n\t\t\t\t<section data-particle_enable=\"false\" data-particle-mobile-disabled=\"false\" class=\"elementor-section elementor-top-section elementor-element elementor-element-a8106b8 elementor-section-boxed elementor-section-height-default elementor-section-height-default\" data-id=\"a8106b8\" data-element_type=\"section\" data-e-type=\"section\" data-settings=\"{&quot;background_background&quot;:&quot;classic&quot;}\">\n\t\t\t\t\t\t<div class=\"elementor-container elementor-column-gap-default\">\n\t\t\t\t\t<div class=\"elementor-column elementor-col-50 elementor-top-column elementor-element elementor-element-caac824\" data-id=\"caac824\" data-element_type=\"column\" data-e-type=\"column\">\n\t\t\t<div class=\"elementor-widget-wrap elementor-element-populated\">\n\t\t\t\t\t\t<section data-particle_enable=\"false\" data-particle-mobile-disabled=\"false\" class=\"elementor-section elementor-inner-section elementor-element elementor-element-2e3273b elementor-section-boxed elementor-section-height-default elementor-section-height-default\" data-id=\"2e3273b\" data-element_type=\"section\" data-e-type=\"section\" data-settings=\"{&quot;sticky&quot;:&quot;top&quot;,&quot;sticky_offset&quot;:208,&quot;sticky_parent&quot;:&quot;yes&quot;,&quot;sticky_on&quot;:[&quot;desktop&quot;,&quot;laptop&quot;,&quot;tablet&quot;,&quot;mobile&quot;],&quot;sticky_effects_offset&quot;:0,&quot;sticky_anchor_link_offset&quot;:0}\">\n\t\t\t\t\t\t<div class=\"elementor-container elementor-column-gap-default\">\n\t\t\t\t\t<div class=\"elementor-column elementor-col-100 elementor-inner-column elementor-element elementor-element-22d57e3\" data-id=\"22d57e3\" data-element_type=\"column\" data-e-type=\"column\">\n\t\t\t<div class=\"elementor-widget-wrap elementor-element-populated\">\n\t\t\t\t\t\t<div class=\"elementor-element elementor-element-eea2d0d elementor-widget elementor-widget-heading\" data-id=\"eea2d0d\" data-element_type=\"widget\" data-e-type=\"widget\" data-widget_type=\"heading.default\">\n\t\t\t\t<div class=\"elementor-widget-container\">\n\t\t\t\t\t<h2 class=\"elementor-heading-title elementor-size-default\">Diferencia't de la compet\u00e8ncia!<\/h2>\t\t\t\t<\/div>\n\t\t\t\t<\/div>\n\t\t\t\t<div class=\"elementor-element elementor-element-20631ef elementor-widget elementor-widget-text-editor\" data-id=\"20631ef\" data-element_type=\"widget\" data-e-type=\"widget\" data-widget_type=\"text-editor.default\">\n\t\t\t\t<div class=\"elementor-widget-container\">\n\t\t\t\t\t\t\t\t\t<p>Volem que el teu supermercat Suma sigui el referent del barri. I per a aconseguir-ho, els productes de quil\u00f2metre 0 i les seccions especialitzades s\u00f3n les <strong>eines perfectes<\/strong>.<\/p>\n<p>En el nostre acompanyament continu, t&#8217;ajudem a saber quines s\u00f3n les seccions especialitzades que millor responen als h\u00e0bits dels consumidors\/es de la zona i que estan menys desenvolupades. Per a aix\u00f2, analitzem les caracter\u00edstiques del barri i la compet\u00e8ncia.<\/p>\n<p>Fleca, fruiteria, carnisseria, xarcuteria, peixateria, celler, plats per emportar\u2026 Normalment ens centrem en 1 o 2 seccions destinaci\u00f3 i les potenciem, adequant l&#8217;assortiment, el preu, el muntatge\u2026 Tot per a <strong>assegurar-te l&#8217;\u00e8xit<\/strong>.<\/p>\n<p>La f\u00f3rmula guanyadora \u00e9s oferir producte de qualitat, mostrar varietat i escoltar a la teva clientela.<\/p>\t\t\t\t\t\t\t\t<\/div>\n\t\t\t\t<\/div>\n\t\t\t\t\t<\/div>\n\t\t<\/div>\n\t\t\t\t\t<\/div>\n\t\t<\/section>\n\t\t\t\t\t<\/div>\n\t\t<\/div>\n\t\t\t\t<div class=\"elementor-column elementor-col-50 elementor-top-column elementor-element elementor-element-6d14c50\" data-id=\"6d14c50\" data-element_type=\"column\" data-e-type=\"column\">\n\t\t\t<div class=\"elementor-widget-wrap elementor-element-populated\">\n\t\t\t\t\t\t<section data-particle_enable=\"false\" data-particle-mobile-disabled=\"false\" class=\"elementor-section elementor-inner-section elementor-element elementor-element-86a86e7 elementor-section-boxed elementor-section-height-default elementor-section-height-default\" data-id=\"86a86e7\" data-element_type=\"section\" data-e-type=\"section\">\n\t\t\t\t\t\t<div class=\"elementor-container elementor-column-gap-default\">\n\t\t\t\t\t<div class=\"elementor-column elementor-col-100 elementor-inner-column elementor-element elementor-element-4630f40\" data-id=\"4630f40\" data-element_type=\"column\" data-e-type=\"column\" data-settings=\"{&quot;background_background&quot;:&quot;classic&quot;}\">\n\t\t\t<div class=\"elementor-widget-wrap elementor-element-populated\">\n\t\t\t\t\t\t<div class=\"elementor-element elementor-element-560c391 elementor-widget elementor-widget-image\" data-id=\"560c391\" data-element_type=\"widget\" data-e-type=\"widget\" data-widget_type=\"image.default\">\n\t\t\t\t<div class=\"elementor-widget-container\">\n\t\t\t\t\t\t\t\t\t\t\t\t\t\t\t<img fetchpriority=\"high\" decoding=\"async\" width=\"1000\" height=\"600\" src=\"https:\/\/www.sumasupermercados.es\/wp-content\/uploads\/2022\/12\/secciones_especializadas_carne.jpg\" class=\"attachment-full size-full wp-image-8777\" alt=\"\" srcset=\"https:\/\/www.sumasupermercados.es\/wp-content\/uploads\/2022\/12\/secciones_especializadas_carne.jpg 1000w, https:\/\/www.sumasupermercados.es\/wp-content\/uploads\/2022\/12\/secciones_especializadas_carne-300x180.jpg 300w, https:\/\/www.sumasupermercados.es\/wp-content\/uploads\/2022\/12\/secciones_especializadas_carne-768x461.jpg 768w\" sizes=\"(max-width: 1000px) 100vw, 1000px\" \/>\t\t\t\t\t\t\t\t\t\t\t\t\t\t\t<\/div>\n\t\t\t\t<\/div>\n\t\t\t\t<div class=\"elementor-element elementor-element-940ffda elementor-widget elementor-widget-heading\" data-id=\"940ffda\" data-element_type=\"widget\" data-e-type=\"widget\" data-widget_type=\"heading.default\">\n\t\t\t\t<div class=\"elementor-widget-container\">\n\t\t\t\t\t<h3 class=\"elementor-heading-title elementor-size-default\">Carnisseria artesana<\/h3>\t\t\t\t<\/div>\n\t\t\t\t<\/div>\n\t\t\t\t<div class=\"elementor-element elementor-element-de2fd82 elementor-widget elementor-widget-text-editor\" data-id=\"de2fd82\" data-element_type=\"widget\" data-e-type=\"widget\" data-widget_type=\"text-editor.default\">\n\t\t\t\t<div class=\"elementor-widget-container\">\n\t\t\t\t\t\t\t\t\t<p>Producte fresc i al tall<\/p>\n\t\t\t\t\t\t\t\t<\/div>\n\t\t\t\t<\/div>\n\t\t\t\t<div class=\"elementor-element elementor-element-a7c829a elementor-icon-list--layout-traditional elementor-list-item-link-full_width elementor-widget elementor-widget-icon-list\" data-id=\"a7c829a\" data-element_type=\"widget\" data-e-type=\"widget\" data-widget_type=\"icon-list.default\">\n\t\t\t\t<div class=\"elementor-widget-container\">\n\t\t\t\t\t\t\t<ul class=\"elementor-icon-list-items\">\n\t\t\t\t\t\t\t<li class=\"elementor-icon-list-item\">\n\t\t\t\t\t\t\t\t\t\t\t<span class=\"elementor-icon-list-icon\">\n\t\t\t\t\t\t\t<i aria-hidden=\"true\" class=\"fas fa-check\"><\/i>\t\t\t\t\t\t<\/span>\n\t\t\t\t\t\t\t\t\t\t<span class=\"elementor-icon-list-text\">Ofereix un producte fresc, artesanal i a granel. La carn acabada de tallar \u00e9s molt millor!<\/span>\n\t\t\t\t\t\t\t\t\t<\/li>\n\t\t\t\t\t\t\t\t<li class=\"elementor-icon-list-item\">\n\t\t\t\t\t\t\t\t\t\t\t<span class=\"elementor-icon-list-icon\">\n\t\t\t\t\t\t\t<i aria-hidden=\"true\" class=\"fas fa-check\"><\/i>\t\t\t\t\t\t<\/span>\n\t\t\t\t\t\t\t\t\t\t<span class=\"elementor-icon-list-text\">Mostra varietat, destacant els productes d'elaboraci\u00f3 pr\u00f2pia i de quil\u00f2metre 0.<\/span>\n\t\t\t\t\t\t\t\t\t<\/li>\n\t\t\t\t\t\t\t\t<li class=\"elementor-icon-list-item\">\n\t\t\t\t\t\t\t\t\t\t\t<span class=\"elementor-icon-list-icon\">\n\t\t\t\t\t\t\t<i aria-hidden=\"true\" class=\"fas fa-check\"><\/i>\t\t\t\t\t\t<\/span>\n\t\t\t\t\t\t\t\t\t\t<span class=\"elementor-icon-list-text\">Escolta a la teva clientela i adapta l'assortiment i el tall del producte als seus gustos i moments, perqu\u00e8 sempre trobin el que busquen.<\/span>\n\t\t\t\t\t\t\t\t\t<\/li>\n\t\t\t\t\t\t<\/ul>\n\t\t\t\t\t\t<\/div>\n\t\t\t\t<\/div>\n\t\t\t\t\t<\/div>\n\t\t<\/div>\n\t\t\t\t\t<\/div>\n\t\t<\/section>\n\t\t\t\t<section data-particle_enable=\"false\" data-particle-mobile-disabled=\"false\" class=\"elementor-section elementor-inner-section elementor-element elementor-element-7063a21 elementor-section-boxed elementor-section-height-default elementor-section-height-default\" data-id=\"7063a21\" data-element_type=\"section\" data-e-type=\"section\">\n\t\t\t\t\t\t<div class=\"elementor-container elementor-column-gap-default\">\n\t\t\t\t\t<div class=\"elementor-column elementor-col-100 elementor-inner-column elementor-element elementor-element-c8aca22\" data-id=\"c8aca22\" data-element_type=\"column\" data-e-type=\"column\" data-settings=\"{&quot;background_background&quot;:&quot;classic&quot;}\">\n\t\t\t<div class=\"elementor-widget-wrap elementor-element-populated\">\n\t\t\t\t\t\t<div class=\"elementor-element elementor-element-d8d172c elementor-widget elementor-widget-image\" data-id=\"d8d172c\" data-element_type=\"widget\" data-e-type=\"widget\" data-widget_type=\"image.default\">\n\t\t\t\t<div class=\"elementor-widget-container\">\n\t\t\t\t\t\t\t\t\t\t\t\t\t\t\t<img decoding=\"async\" width=\"1000\" height=\"600\" src=\"https:\/\/www.sumasupermercados.es\/wp-content\/uploads\/2022\/12\/secciones_especializadas_charcuteria.jpg\" class=\"attachment-full size-full wp-image-8782\" alt=\"\" srcset=\"https:\/\/www.sumasupermercados.es\/wp-content\/uploads\/2022\/12\/secciones_especializadas_charcuteria.jpg 1000w, https:\/\/www.sumasupermercados.es\/wp-content\/uploads\/2022\/12\/secciones_especializadas_charcuteria-300x180.jpg 300w, https:\/\/www.sumasupermercados.es\/wp-content\/uploads\/2022\/12\/secciones_especializadas_charcuteria-768x461.jpg 768w\" sizes=\"(max-width: 1000px) 100vw, 1000px\" \/>\t\t\t\t\t\t\t\t\t\t\t\t\t\t\t<\/div>\n\t\t\t\t<\/div>\n\t\t\t\t<div class=\"elementor-element elementor-element-1da1581 elementor-widget elementor-widget-heading\" data-id=\"1da1581\" data-element_type=\"widget\" data-e-type=\"widget\" data-widget_type=\"heading.default\">\n\t\t\t\t<div class=\"elementor-widget-container\">\n\t\t\t\t\t<h3 class=\"elementor-heading-title elementor-size-default\">Xarcuteria<\/h3>\t\t\t\t<\/div>\n\t\t\t\t<\/div>\n\t\t\t\t<div class=\"elementor-element elementor-element-c3c3140 elementor-widget elementor-widget-text-editor\" data-id=\"c3c3140\" data-element_type=\"widget\" data-e-type=\"widget\" data-widget_type=\"text-editor.default\">\n\t\t\t\t<div class=\"elementor-widget-container\">\n\t\t\t\t\t\t\t\t\t<p>Cuidant sempre la qualitat<\/p>\n\t\t\t\t\t\t\t\t<\/div>\n\t\t\t\t<\/div>\n\t\t\t\t<div class=\"elementor-element elementor-element-bee358c elementor-icon-list--layout-traditional elementor-list-item-link-full_width elementor-widget elementor-widget-icon-list\" data-id=\"bee358c\" data-element_type=\"widget\" data-e-type=\"widget\" data-widget_type=\"icon-list.default\">\n\t\t\t\t<div class=\"elementor-widget-container\">\n\t\t\t\t\t\t\t<ul class=\"elementor-icon-list-items\">\n\t\t\t\t\t\t\t<li class=\"elementor-icon-list-item\">\n\t\t\t\t\t\t\t\t\t\t\t<span class=\"elementor-icon-list-icon\">\n\t\t\t\t\t\t\t<i aria-hidden=\"true\" class=\"fas fa-check\"><\/i>\t\t\t\t\t\t<\/span>\n\t\t\t\t\t\t\t\t\t\t<span class=\"elementor-icon-list-text\">Ofereix producte fresc. La xarcuteria artesanal sempre \u00e9s un atractiu!<\/span>\n\t\t\t\t\t\t\t\t\t<\/li>\n\t\t\t\t\t\t\t\t<li class=\"elementor-icon-list-item\">\n\t\t\t\t\t\t\t\t\t\t\t<span class=\"elementor-icon-list-icon\">\n\t\t\t\t\t\t\t<i aria-hidden=\"true\" class=\"fas fa-check\"><\/i>\t\t\t\t\t\t<\/span>\n\t\t\t\t\t\t\t\t\t\t<span class=\"elementor-icon-list-text\">Mostra un ampli i variat assortiment, tenint en compte la zona i la temporada. Diferencia't de la compet\u00e8ncia pels teus productes d'elaboraci\u00f3 pr\u00f2pia i de quil\u00f2metre 0, cuidant sempre la qualitat<\/span>\n\t\t\t\t\t\t\t\t\t<\/li>\n\t\t\t\t\t\t\t\t<li class=\"elementor-icon-list-item\">\n\t\t\t\t\t\t\t\t\t\t\t<span class=\"elementor-icon-list-icon\">\n\t\t\t\t\t\t\t<i aria-hidden=\"true\" class=\"fas fa-check\"><\/i>\t\t\t\t\t\t<\/span>\n\t\t\t\t\t\t\t\t\t\t<span class=\"elementor-icon-list-text\">Aconsella a la teva clientela perqu\u00e8 perqu\u00e8 sempre trobin el que busquen.<\/span>\n\t\t\t\t\t\t\t\t\t<\/li>\n\t\t\t\t\t\t<\/ul>\n\t\t\t\t\t\t<\/div>\n\t\t\t\t<\/div>\n\t\t\t\t\t<\/div>\n\t\t<\/div>\n\t\t\t\t\t<\/div>\n\t\t<\/section>\n\t\t\t\t<section data-particle_enable=\"false\" data-particle-mobile-disabled=\"false\" class=\"elementor-section elementor-inner-section elementor-element elementor-element-43cccdc elementor-section-boxed elementor-section-height-default elementor-section-height-default\" data-id=\"43cccdc\" data-element_type=\"section\" data-e-type=\"section\">\n\t\t\t\t\t\t<div class=\"elementor-container elementor-column-gap-default\">\n\t\t\t\t\t<div class=\"elementor-column elementor-col-100 elementor-inner-column elementor-element elementor-element-69abc51\" data-id=\"69abc51\" data-element_type=\"column\" data-e-type=\"column\" data-settings=\"{&quot;background_background&quot;:&quot;classic&quot;}\">\n\t\t\t<div class=\"elementor-widget-wrap elementor-element-populated\">\n\t\t\t\t\t\t<div class=\"elementor-element elementor-element-e4fb639 elementor-widget elementor-widget-image\" data-id=\"e4fb639\" data-element_type=\"widget\" data-e-type=\"widget\" data-widget_type=\"image.default\">\n\t\t\t\t<div class=\"elementor-widget-container\">\n\t\t\t\t\t\t\t\t\t\t\t\t\t\t\t<img decoding=\"async\" width=\"1000\" height=\"600\" src=\"https:\/\/www.sumasupermercados.es\/wp-content\/uploads\/2022\/12\/secciones_especializadas_pescados.jpg\" class=\"attachment-full size-full wp-image-8780\" alt=\"\" srcset=\"https:\/\/www.sumasupermercados.es\/wp-content\/uploads\/2022\/12\/secciones_especializadas_pescados.jpg 1000w, https:\/\/www.sumasupermercados.es\/wp-content\/uploads\/2022\/12\/secciones_especializadas_pescados-300x180.jpg 300w, https:\/\/www.sumasupermercados.es\/wp-content\/uploads\/2022\/12\/secciones_especializadas_pescados-768x461.jpg 768w\" sizes=\"(max-width: 1000px) 100vw, 1000px\" \/>\t\t\t\t\t\t\t\t\t\t\t\t\t\t\t<\/div>\n\t\t\t\t<\/div>\n\t\t\t\t<div class=\"elementor-element elementor-element-5eaad5a elementor-widget elementor-widget-heading\" data-id=\"5eaad5a\" data-element_type=\"widget\" data-e-type=\"widget\" data-widget_type=\"heading.default\">\n\t\t\t\t<div class=\"elementor-widget-container\">\n\t\t\t\t\t<h3 class=\"elementor-heading-title elementor-size-default\">Peixateria<\/h3>\t\t\t\t<\/div>\n\t\t\t\t<\/div>\n\t\t\t\t<div class=\"elementor-element elementor-element-38c9bb0 elementor-widget elementor-widget-text-editor\" data-id=\"38c9bb0\" data-element_type=\"widget\" data-e-type=\"widget\" data-widget_type=\"text-editor.default\">\n\t\t\t\t<div class=\"elementor-widget-container\">\n\t\t\t\t\t\t\t\t\t<p>Peix fresc i a punt per cuinar<\/p>\n\t\t\t\t\t\t\t\t<\/div>\n\t\t\t\t<\/div>\n\t\t\t\t<div class=\"elementor-element elementor-element-6b05a81 elementor-icon-list--layout-traditional elementor-list-item-link-full_width elementor-widget elementor-widget-icon-list\" data-id=\"6b05a81\" data-element_type=\"widget\" data-e-type=\"widget\" data-widget_type=\"icon-list.default\">\n\t\t\t\t<div class=\"elementor-widget-container\">\n\t\t\t\t\t\t\t<ul class=\"elementor-icon-list-items\">\n\t\t\t\t\t\t\t<li class=\"elementor-icon-list-item\">\n\t\t\t\t\t\t\t\t\t\t\t<span class=\"elementor-icon-list-icon\">\n\t\t\t\t\t\t\t<i aria-hidden=\"true\" class=\"fas fa-check\"><\/i>\t\t\t\t\t\t<\/span>\n\t\t\t\t\t\t\t\t\t\t<span class=\"elementor-icon-list-text\">Ofereix un producte fresc, com acabat de pescar i sense envasar, cuidant la imatge del producte al taulell<\/span>\n\t\t\t\t\t\t\t\t\t<\/li>\n\t\t\t\t\t\t\t\t<li class=\"elementor-icon-list-item\">\n\t\t\t\t\t\t\t\t\t\t\t<span class=\"elementor-icon-list-icon\">\n\t\t\t\t\t\t\t<i aria-hidden=\"true\" class=\"fas fa-check\"><\/i>\t\t\t\t\t\t<\/span>\n\t\t\t\t\t\t\t\t\t\t<span class=\"elementor-icon-list-text\">Mostra un ampli assortiment, destacant els productes propis de la zona i de la temporada.<\/span>\n\t\t\t\t\t\t\t\t\t<\/li>\n\t\t\t\t\t\t\t\t<li class=\"elementor-icon-list-item\">\n\t\t\t\t\t\t\t\t\t\t\t<span class=\"elementor-icon-list-icon\">\n\t\t\t\t\t\t\t<i aria-hidden=\"true\" class=\"fas fa-check\"><\/i>\t\t\t\t\t\t<\/span>\n\t\t\t\t\t\t\t\t\t\t<span class=\"elementor-icon-list-text\">Adapta l'assortiment als gustos i moments de la teva clientela. Acompanya'ls en la seva decisi\u00f3 de compra, aconsellant-los sempre el m\u00e9s fresc. Aprofita el teu coneixement del producte per a preparar-lo com cal, facilitant la manera de cuinar que vulguin preparar.<\/span>\n\t\t\t\t\t\t\t\t\t<\/li>\n\t\t\t\t\t\t<\/ul>\n\t\t\t\t\t\t<\/div>\n\t\t\t\t<\/div>\n\t\t\t\t\t<\/div>\n\t\t<\/div>\n\t\t\t\t\t<\/div>\n\t\t<\/section>\n\t\t\t\t<section data-particle_enable=\"false\" data-particle-mobile-disabled=\"false\" class=\"elementor-section elementor-inner-section elementor-element elementor-element-8224d8c elementor-section-boxed elementor-section-height-default elementor-section-height-default\" data-id=\"8224d8c\" data-element_type=\"section\" data-e-type=\"section\">\n\t\t\t\t\t\t<div class=\"elementor-container elementor-column-gap-default\">\n\t\t\t\t\t<div class=\"elementor-column elementor-col-100 elementor-inner-column elementor-element elementor-element-9862f57\" data-id=\"9862f57\" data-element_type=\"column\" data-e-type=\"column\" data-settings=\"{&quot;background_background&quot;:&quot;classic&quot;}\">\n\t\t\t<div class=\"elementor-widget-wrap elementor-element-populated\">\n\t\t\t\t\t\t<div class=\"elementor-element elementor-element-250ec67 elementor-widget elementor-widget-image\" data-id=\"250ec67\" data-element_type=\"widget\" data-e-type=\"widget\" data-widget_type=\"image.default\">\n\t\t\t\t<div class=\"elementor-widget-container\">\n\t\t\t\t\t\t\t\t\t\t\t\t\t\t\t<img loading=\"lazy\" decoding=\"async\" width=\"1000\" height=\"600\" src=\"https:\/\/www.sumasupermercados.es\/wp-content\/uploads\/2022\/12\/secciones_especializadas_fruta.jpg\" class=\"attachment-full size-full wp-image-8778\" alt=\"\" srcset=\"https:\/\/www.sumasupermercados.es\/wp-content\/uploads\/2022\/12\/secciones_especializadas_fruta.jpg 1000w, https:\/\/www.sumasupermercados.es\/wp-content\/uploads\/2022\/12\/secciones_especializadas_fruta-300x180.jpg 300w, https:\/\/www.sumasupermercados.es\/wp-content\/uploads\/2022\/12\/secciones_especializadas_fruta-768x461.jpg 768w\" sizes=\"(max-width: 1000px) 100vw, 1000px\" \/>\t\t\t\t\t\t\t\t\t\t\t\t\t\t\t<\/div>\n\t\t\t\t<\/div>\n\t\t\t\t<div class=\"elementor-element elementor-element-9119305 elementor-widget elementor-widget-heading\" data-id=\"9119305\" data-element_type=\"widget\" data-e-type=\"widget\" data-widget_type=\"heading.default\">\n\t\t\t\t<div class=\"elementor-widget-container\">\n\t\t\t\t\t<h3 class=\"elementor-heading-title elementor-size-default\">Fruiteria<\/h3>\t\t\t\t<\/div>\n\t\t\t\t<\/div>\n\t\t\t\t<div class=\"elementor-element elementor-element-1bdf335 elementor-widget elementor-widget-text-editor\" data-id=\"1bdf335\" data-element_type=\"widget\" data-e-type=\"widget\" data-widget_type=\"text-editor.default\">\n\t\t\t\t<div class=\"elementor-widget-container\">\n\t\t\t\t\t\t\t\t\t<p>Fruita i verdura fresca per a cada dia<\/p>\n\t\t\t\t\t\t\t\t<\/div>\n\t\t\t\t<\/div>\n\t\t\t\t<div class=\"elementor-element elementor-element-85457a1 elementor-icon-list--layout-traditional elementor-list-item-link-full_width elementor-widget elementor-widget-icon-list\" data-id=\"85457a1\" data-element_type=\"widget\" data-e-type=\"widget\" data-widget_type=\"icon-list.default\">\n\t\t\t\t<div class=\"elementor-widget-container\">\n\t\t\t\t\t\t\t<ul class=\"elementor-icon-list-items\">\n\t\t\t\t\t\t\t<li class=\"elementor-icon-list-item\">\n\t\t\t\t\t\t\t\t\t\t\t<span class=\"elementor-icon-list-icon\">\n\t\t\t\t\t\t\t<i aria-hidden=\"true\" class=\"fas fa-check\"><\/i>\t\t\t\t\t\t<\/span>\n\t\t\t\t\t\t\t\t\t\t<span class=\"elementor-icon-list-text\">Ofereix fruita i verdura sempre fresca, en funci\u00f3 de la zona i de la temporada. <\/span>\n\t\t\t\t\t\t\t\t\t<\/li>\n\t\t\t\t\t\t\t\t<li class=\"elementor-icon-list-item\">\n\t\t\t\t\t\t\t\t\t\t\t<span class=\"elementor-icon-list-icon\">\n\t\t\t\t\t\t\t<i aria-hidden=\"true\" class=\"fas fa-check\"><\/i>\t\t\t\t\t\t<\/span>\n\t\t\t\t\t\t\t\t\t\t<span class=\"elementor-icon-list-text\">Mostra un ampli assortiment, apostant pels productes de la zona, de quil\u00f2metre 0 i els de temporada. Destaca al barri cuidant l'origen i la qualitat de la teva oferta.<\/span>\n\t\t\t\t\t\t\t\t\t<\/li>\n\t\t\t\t\t\t\t\t<li class=\"elementor-icon-list-item\">\n\t\t\t\t\t\t\t\t\t\t\t<span class=\"elementor-icon-list-icon\">\n\t\t\t\t\t\t\t<i aria-hidden=\"true\" class=\"fas fa-check\"><\/i>\t\t\t\t\t\t<\/span>\n\t\t\t\t\t\t\t\t\t\t<span class=\"elementor-icon-list-text\">Escolta a la teva clientela i adapta l'assortiment als seus gustos i moments. Aconsella'ls com a especialista en la seva compra, perqu\u00e8 trobin un producte sempre fresc a la teva botiga.<\/span>\n\t\t\t\t\t\t\t\t\t<\/li>\n\t\t\t\t\t\t<\/ul>\n\t\t\t\t\t\t<\/div>\n\t\t\t\t<\/div>\n\t\t\t\t\t<\/div>\n\t\t<\/div>\n\t\t\t\t\t<\/div>\n\t\t<\/section>\n\t\t\t\t<section data-particle_enable=\"false\" data-particle-mobile-disabled=\"false\" class=\"elementor-section elementor-inner-section elementor-element elementor-element-44f0ca9 elementor-section-boxed elementor-section-height-default elementor-section-height-default\" data-id=\"44f0ca9\" data-element_type=\"section\" data-e-type=\"section\">\n\t\t\t\t\t\t<div class=\"elementor-container elementor-column-gap-default\">\n\t\t\t\t\t<div class=\"elementor-column elementor-col-100 elementor-inner-column elementor-element elementor-element-e34cf1c\" data-id=\"e34cf1c\" data-element_type=\"column\" data-e-type=\"column\" data-settings=\"{&quot;background_background&quot;:&quot;classic&quot;}\">\n\t\t\t<div class=\"elementor-widget-wrap elementor-element-populated\">\n\t\t\t\t\t\t<div class=\"elementor-element elementor-element-d93816f elementor-widget elementor-widget-image\" data-id=\"d93816f\" data-element_type=\"widget\" data-e-type=\"widget\" data-widget_type=\"image.default\">\n\t\t\t\t<div class=\"elementor-widget-container\">\n\t\t\t\t\t\t\t\t\t\t\t\t\t\t\t<img loading=\"lazy\" decoding=\"async\" width=\"1000\" height=\"600\" src=\"https:\/\/www.sumasupermercados.es\/wp-content\/uploads\/2022\/12\/secciones_especializadas_panes.jpg\" class=\"attachment-full size-full wp-image-8779\" alt=\"\" srcset=\"https:\/\/www.sumasupermercados.es\/wp-content\/uploads\/2022\/12\/secciones_especializadas_panes.jpg 1000w, https:\/\/www.sumasupermercados.es\/wp-content\/uploads\/2022\/12\/secciones_especializadas_panes-300x180.jpg 300w, https:\/\/www.sumasupermercados.es\/wp-content\/uploads\/2022\/12\/secciones_especializadas_panes-768x461.jpg 768w\" sizes=\"(max-width: 1000px) 100vw, 1000px\" \/>\t\t\t\t\t\t\t\t\t\t\t\t\t\t\t<\/div>\n\t\t\t\t<\/div>\n\t\t\t\t<div class=\"elementor-element elementor-element-0a9b7a6 elementor-widget elementor-widget-heading\" data-id=\"0a9b7a6\" data-element_type=\"widget\" data-e-type=\"widget\" data-widget_type=\"heading.default\">\n\t\t\t\t<div class=\"elementor-widget-container\">\n\t\t\t\t\t<h3 class=\"elementor-heading-title elementor-size-default\">Fleca<\/h3>\t\t\t\t<\/div>\n\t\t\t\t<\/div>\n\t\t\t\t<div class=\"elementor-element elementor-element-21a1c7e elementor-widget elementor-widget-text-editor\" data-id=\"21a1c7e\" data-element_type=\"widget\" data-e-type=\"widget\" data-widget_type=\"text-editor.default\">\n\t\t\t\t<div class=\"elementor-widget-container\">\n\t\t\t\t\t\t\t\t\t<p>La fleca del barri<\/p>\n\t\t\t\t\t\t\t\t<\/div>\n\t\t\t\t<\/div>\n\t\t\t\t<div class=\"elementor-element elementor-element-3a51562 elementor-icon-list--layout-traditional elementor-list-item-link-full_width elementor-widget elementor-widget-icon-list\" data-id=\"3a51562\" data-element_type=\"widget\" data-e-type=\"widget\" data-widget_type=\"icon-list.default\">\n\t\t\t\t<div class=\"elementor-widget-container\">\n\t\t\t\t\t\t\t<ul class=\"elementor-icon-list-items\">\n\t\t\t\t\t\t\t<li class=\"elementor-icon-list-item\">\n\t\t\t\t\t\t\t\t\t\t\t<span class=\"elementor-icon-list-icon\">\n\t\t\t\t\t\t\t<i aria-hidden=\"true\" class=\"fas fa-check\"><\/i>\t\t\t\t\t\t<\/span>\n\t\t\t\t\t\t\t\t\t\t<span class=\"elementor-icon-list-text\">Ofereix una fleca on s'enforna diverses vegades al dia perqu\u00e8 tingui sempre producte fresc. Sabem que el pa acabat de fer \u00e9s molt millor!<\/span>\n\t\t\t\t\t\t\t\t\t<\/li>\n\t\t\t\t\t\t\t\t<li class=\"elementor-icon-list-item\">\n\t\t\t\t\t\t\t\t\t\t\t<span class=\"elementor-icon-list-icon\">\n\t\t\t\t\t\t\t<i aria-hidden=\"true\" class=\"fas fa-check\"><\/i>\t\t\t\t\t\t<\/span>\n\t\t\t\t\t\t\t\t\t\t<span class=\"elementor-icon-list-text\">Mostra un ampli assortiment propi.<\/span>\n\t\t\t\t\t\t\t\t\t<\/li>\n\t\t\t\t\t\t\t\t<li class=\"elementor-icon-list-item\">\n\t\t\t\t\t\t\t\t\t\t\t<span class=\"elementor-icon-list-icon\">\n\t\t\t\t\t\t\t<i aria-hidden=\"true\" class=\"fas fa-check\"><\/i>\t\t\t\t\t\t<\/span>\n\t\t\t\t\t\t\t\t\t\t<span class=\"elementor-icon-list-text\">Converteix-te en la fleca del barri; escolta a la teva clientela i adapta l'assortiment als seus gustos i moments. D'aquesta manera, els fidelitzar\u00e0s i incrementaran progressivament les seves visites a l'establiment.<\/span>\n\t\t\t\t\t\t\t\t\t<\/li>\n\t\t\t\t\t\t<\/ul>\n\t\t\t\t\t\t<\/div>\n\t\t\t\t<\/div>\n\t\t\t\t\t<\/div>\n\t\t<\/div>\n\t\t\t\t\t<\/div>\n\t\t<\/section>\n\t\t\t\t<section data-particle_enable=\"false\" data-particle-mobile-disabled=\"false\" class=\"elementor-section elementor-inner-section elementor-element elementor-element-29482c2 elementor-section-boxed elementor-section-height-default elementor-section-height-default\" data-id=\"29482c2\" data-element_type=\"section\" data-e-type=\"section\">\n\t\t\t\t\t\t<div class=\"elementor-container elementor-column-gap-default\">\n\t\t\t\t\t<div class=\"elementor-column elementor-col-100 elementor-inner-column elementor-element elementor-element-6bd4746\" data-id=\"6bd4746\" data-element_type=\"column\" data-e-type=\"column\" data-settings=\"{&quot;background_background&quot;:&quot;classic&quot;}\">\n\t\t\t<div class=\"elementor-widget-wrap elementor-element-populated\">\n\t\t\t\t\t\t<div class=\"elementor-element elementor-element-1768d2a elementor-widget elementor-widget-image\" data-id=\"1768d2a\" data-element_type=\"widget\" data-e-type=\"widget\" data-widget_type=\"image.default\">\n\t\t\t\t<div class=\"elementor-widget-container\">\n\t\t\t\t\t\t\t\t\t\t\t\t\t\t\t<img loading=\"lazy\" decoding=\"async\" width=\"1000\" height=\"600\" src=\"https:\/\/www.sumasupermercados.es\/wp-content\/uploads\/2022\/12\/secciones_especializadas_vinos.jpg\" class=\"attachment-full size-full wp-image-8781\" alt=\"\" srcset=\"https:\/\/www.sumasupermercados.es\/wp-content\/uploads\/2022\/12\/secciones_especializadas_vinos.jpg 1000w, https:\/\/www.sumasupermercados.es\/wp-content\/uploads\/2022\/12\/secciones_especializadas_vinos-300x180.jpg 300w, https:\/\/www.sumasupermercados.es\/wp-content\/uploads\/2022\/12\/secciones_especializadas_vinos-768x461.jpg 768w\" sizes=\"(max-width: 1000px) 100vw, 1000px\" \/>\t\t\t\t\t\t\t\t\t\t\t\t\t\t\t<\/div>\n\t\t\t\t<\/div>\n\t\t\t\t<div class=\"elementor-element elementor-element-5839ba4 elementor-widget elementor-widget-heading\" data-id=\"5839ba4\" data-element_type=\"widget\" data-e-type=\"widget\" data-widget_type=\"heading.default\">\n\t\t\t\t<div class=\"elementor-widget-container\">\n\t\t\t\t\t<h3 class=\"elementor-heading-title elementor-size-default\">Celler<\/h3>\t\t\t\t<\/div>\n\t\t\t\t<\/div>\n\t\t\t\t<div class=\"elementor-element elementor-element-7ddfa66 elementor-widget elementor-widget-text-editor\" data-id=\"7ddfa66\" data-element_type=\"widget\" data-e-type=\"widget\" data-widget_type=\"text-editor.default\">\n\t\t\t\t<div class=\"elementor-widget-container\">\n\t\t\t\t\t\t\t\t\t<p>Una vinoteca exclusiva<\/p>\n\t\t\t\t\t\t\t\t<\/div>\n\t\t\t\t<\/div>\n\t\t\t\t<div class=\"elementor-element elementor-element-da1741f elementor-icon-list--layout-traditional elementor-list-item-link-full_width elementor-widget elementor-widget-icon-list\" data-id=\"da1741f\" data-element_type=\"widget\" data-e-type=\"widget\" data-widget_type=\"icon-list.default\">\n\t\t\t\t<div class=\"elementor-widget-container\">\n\t\t\t\t\t\t\t<ul class=\"elementor-icon-list-items\">\n\t\t\t\t\t\t\t<li class=\"elementor-icon-list-item\">\n\t\t\t\t\t\t\t\t\t\t\t<span class=\"elementor-icon-list-icon\">\n\t\t\t\t\t\t\t<i aria-hidden=\"true\" class=\"fas fa-check\"><\/i>\t\t\t\t\t\t<\/span>\n\t\t\t\t\t\t\t\t\t\t<span class=\"elementor-icon-list-text\">Ofereix una bona selecci\u00f3 de vins blancs, rosats, negres i caves d'Espanya. Posem a la disposici\u00f3 de les necessitats del teu negoci m\u00e9s de 1.400 refer\u00e8ncies en vins dels cellers del territori nacional i internacional i 70 refer\u00e8ncies de vins exclusius de 14 marques amb DO.<\/span>\n\t\t\t\t\t\t\t\t\t<\/li>\n\t\t\t\t\t\t\t\t<li class=\"elementor-icon-list-item\">\n\t\t\t\t\t\t\t\t\t\t\t<span class=\"elementor-icon-list-icon\">\n\t\t\t\t\t\t\t<i aria-hidden=\"true\" class=\"fas fa-check\"><\/i>\t\t\t\t\t\t<\/span>\n\t\t\t\t\t\t\t\t\t\t<span class=\"elementor-icon-list-text\">Mostra totes les opcions disponibles; posem al teu abast una selecci\u00f3 de vins i escumosos ecol\u00f2gics i vegans.<\/span>\n\t\t\t\t\t\t\t\t\t<\/li>\n\t\t\t\t\t\t\t\t<li class=\"elementor-icon-list-item\">\n\t\t\t\t\t\t\t\t\t\t\t<span class=\"elementor-icon-list-icon\">\n\t\t\t\t\t\t\t<i aria-hidden=\"true\" class=\"fas fa-check\"><\/i>\t\t\t\t\t\t<\/span>\n\t\t\t\t\t\t\t\t\t\t<span class=\"elementor-icon-list-text\">Adapta l'assortiment al vostre territori i als gustos de la teva clientela. Ajuda'ls a seleccionar els vins m\u00e9s adequats per al seu dia a dia o per a ocasions especials, i ofereix-los tamb\u00e9 opcions regionals i locals, de quil\u00f2metre 0. Afegeix a l'assortiment de la vinoteca cerveses artesanals i productes complementaris com accessoris de vi, xarcuteria <i>gourmet<\/i>\u2026<\/span>\n\t\t\t\t\t\t\t\t\t<\/li>\n\t\t\t\t\t\t<\/ul>\n\t\t\t\t\t\t<\/div>\n\t\t\t\t<\/div>\n\t\t\t\t\t<\/div>\n\t\t<\/div>\n\t\t\t\t\t<\/div>\n\t\t<\/section>\n\t\t\t\t<section data-particle_enable=\"false\" data-particle-mobile-disabled=\"false\" class=\"elementor-section elementor-inner-section elementor-element elementor-element-e0121cc elementor-hidden-desktop elementor-hidden-laptop elementor-hidden-tablet elementor-hidden-mobile elementor-section-boxed elementor-section-height-default elementor-section-height-default\" data-id=\"e0121cc\" data-element_type=\"section\" data-e-type=\"section\">\n\t\t\t\t\t\t<div class=\"elementor-container elementor-column-gap-default\">\n\t\t\t\t\t<div class=\"elementor-column elementor-col-100 elementor-inner-column elementor-element elementor-element-20b8d56\" data-id=\"20b8d56\" data-element_type=\"column\" data-e-type=\"column\" data-settings=\"{&quot;background_background&quot;:&quot;classic&quot;}\">\n\t\t\t<div class=\"elementor-widget-wrap elementor-element-populated\">\n\t\t\t\t\t\t<div class=\"elementor-element elementor-element-89ab309 elementor-widget elementor-widget-image\" data-id=\"89ab309\" data-element_type=\"widget\" data-e-type=\"widget\" data-widget_type=\"image.default\">\n\t\t\t\t<div class=\"elementor-widget-container\">\n\t\t\t\t\t\t\t\t\t\t\t\t\t\t\t<img loading=\"lazy\" decoding=\"async\" width=\"1500\" height=\"997\" src=\"https:\/\/www.sumasupermercados.es\/wp-content\/uploads\/2022\/10\/stock-photo-business-lunch-in-eco-plastic-container-ready-for-delivery-top-view-office-lunch-boxes-with-food-1900227367-e1665132644396.jpg\" class=\"attachment-full size-full wp-image-8627\" alt=\"\" srcset=\"https:\/\/www.sumasupermercados.es\/wp-content\/uploads\/2022\/10\/stock-photo-business-lunch-in-eco-plastic-container-ready-for-delivery-top-view-office-lunch-boxes-with-food-1900227367-e1665132644396.jpg 1500w, https:\/\/www.sumasupermercados.es\/wp-content\/uploads\/2022\/10\/stock-photo-business-lunch-in-eco-plastic-container-ready-for-delivery-top-view-office-lunch-boxes-with-food-1900227367-e1665132644396-300x199.jpg 300w, https:\/\/www.sumasupermercados.es\/wp-content\/uploads\/2022\/10\/stock-photo-business-lunch-in-eco-plastic-container-ready-for-delivery-top-view-office-lunch-boxes-with-food-1900227367-e1665132644396-1024x681.jpg 1024w, https:\/\/www.sumasupermercados.es\/wp-content\/uploads\/2022\/10\/stock-photo-business-lunch-in-eco-plastic-container-ready-for-delivery-top-view-office-lunch-boxes-with-food-1900227367-e1665132644396-768x510.jpg 768w\" sizes=\"(max-width: 1500px) 100vw, 1500px\" \/>\t\t\t\t\t\t\t\t\t\t\t\t\t\t\t<\/div>\n\t\t\t\t<\/div>\n\t\t\t\t<div class=\"elementor-element elementor-element-40c639d elementor-widget elementor-widget-heading\" data-id=\"40c639d\" data-element_type=\"widget\" data-e-type=\"widget\" data-widget_type=\"heading.default\">\n\t\t\t\t<div class=\"elementor-widget-container\">\n\t\t\t\t\t<h3 class=\"elementor-heading-title elementor-size-default\">A punt per menjar<\/h3>\t\t\t\t<\/div>\n\t\t\t\t<\/div>\n\t\t\t\t<div class=\"elementor-element elementor-element-b50f82f elementor-widget elementor-widget-text-editor\" data-id=\"b50f82f\" data-element_type=\"widget\" data-e-type=\"widget\" data-widget_type=\"text-editor.default\">\n\t\t\t\t<div class=\"elementor-widget-container\">\n\t\t\t\t\t\t\t\t\t<p>Solucions equilibrades per als teus clients<\/p>\n\t\t\t\t\t\t\t\t<\/div>\n\t\t\t\t<\/div>\n\t\t\t\t<div class=\"elementor-element elementor-element-bf9dae9 elementor-icon-list--layout-traditional elementor-list-item-link-full_width elementor-widget elementor-widget-icon-list\" data-id=\"bf9dae9\" data-element_type=\"widget\" data-e-type=\"widget\" data-widget_type=\"icon-list.default\">\n\t\t\t\t<div class=\"elementor-widget-container\">\n\t\t\t\t\t\t\t<ul class=\"elementor-icon-list-items\">\n\t\t\t\t\t\t\t<li class=\"elementor-icon-list-item\">\n\t\t\t\t\t\t\t\t\t\t\t<span class=\"elementor-icon-list-icon\">\n\t\t\t\t\t\t\t<i aria-hidden=\"true\" class=\"fas fa-check\"><\/i>\t\t\t\t\t\t<\/span>\n\t\t\t\t\t\t\t\t\t\t<span class=\"elementor-icon-list-text\">Fes m\u00e9s f\u00e0cil la vida als teus clients oferint-los una secci\u00f3 de productes a punt per menjar.<\/span>\n\t\t\t\t\t\t\t\t\t<\/li>\n\t\t\t\t\t\t\t\t<li class=\"elementor-icon-list-item\">\n\t\t\t\t\t\t\t\t\t\t\t<span class=\"elementor-icon-list-icon\">\n\t\t\t\t\t\t\t<i aria-hidden=\"true\" class=\"fas fa-check\"><\/i>\t\t\t\t\t\t<\/span>\n\t\t\t\t\t\t\t\t\t\t<span class=\"elementor-icon-list-text\">Proposa als teus consumidors amb un ritme de vida m\u00e9s r\u00e0pid solucions amb plats preparats que els permetin seguir una dieta sana, equilibrada i sense temps d'espera.<\/span>\n\t\t\t\t\t\t\t\t\t<\/li>\n\t\t\t\t\t\t\t\t<li class=\"elementor-icon-list-item\">\n\t\t\t\t\t\t\t\t\t\t\t<span class=\"elementor-icon-list-icon\">\n\t\t\t\t\t\t\t<i aria-hidden=\"true\" class=\"fas fa-check\"><\/i>\t\t\t\t\t\t<\/span>\n\t\t\t\t\t\t\t\t\t\t<span class=\"elementor-icon-list-text\">Escolta'ls i adapta l'assortiment als seus gustos, mostrant-los men\u00fas que puguin encaixar en el seu dia a dia.<\/span>\n\t\t\t\t\t\t\t\t\t<\/li>\n\t\t\t\t\t\t<\/ul>\n\t\t\t\t\t\t<\/div>\n\t\t\t\t<\/div>\n\t\t\t\t\t<\/div>\n\t\t<\/div>\n\t\t\t\t\t<\/div>\n\t\t<\/section>\n\t\t\t\t\t<\/div>\n\t\t<\/div>\n\t\t\t\t\t<\/div>\n\t\t<\/section>\n\t\t\t\t<\/div>\n\t\t","protected":false},"excerpt":{"rendered":"<p>Seccions especialitzades Diferencia&#8217;t de la compet\u00e8ncia! Volem que el teu supermercat Suma sigui el referent del barri. I per a aconseguir-ho, els productes de quil\u00f2metre 0 i les seccions especialitzades s\u00f3n les eines perfectes. En el nostre acompanyament continu, t&#8217;ajudem a saber quines s\u00f3n les seccions especialitzades que millor responen als h\u00e0bits dels consumidors\/es de&hellip;&nbsp;<\/p>\n","protected":false},"author":1,"featured_media":0,"parent":9162,"menu_order":0,"comment_status":"closed","ping_status":"closed","template":"page-templates\/template-pagebuilder-full-width.php","meta":{"_acf_changed":false,"neve_meta_sidebar":"","neve_meta_container":"","neve_meta_enable_content_width":"off","neve_meta_content_width":100,"neve_meta_title_alignment":"","neve_meta_author_avatar":"","neve_post_elements_order":"","neve_meta_disable_header":"","neve_meta_disable_footer":"","neve_meta_disable_title":"","footnotes":""},"class_list":["post-9128","page","type-page","status-publish","hentry"],"acf":[],"yoast_head":"<!-- This site is optimized with the Yoast SEO plugin v27.4 - https:\/\/yoast.com\/product\/yoast-seo-wordpress\/ -->\n<title>Seccions especialitzades | Suma<\/title>\n<meta name=\"description\" content=\"Diferencia&#039;t de la compet\u00e8ncia! Tot per a assegurar-te l&#039;\u00e8xit. Volem que el teu supermercat Suma sigui el referent del barri.\" \/>\n<meta name=\"robots\" content=\"index, follow, max-snippet:-1, max-image-preview:large, max-video-preview:-1\" \/>\n<link rel=\"canonical\" href=\"https:\/\/www.sumasupermercados.es\/ca\/converteix-te-en-franquiciat\/seccions-especialitzades\/\" \/>\n<meta property=\"og:locale\" content=\"ca_ES\" \/>\n<meta property=\"og:type\" content=\"article\" \/>\n<meta property=\"og:title\" content=\"Seccions especialitzades | Suma\" \/>\n<meta property=\"og:description\" content=\"Diferencia&#039;t de la compet\u00e8ncia! Tot per a assegurar-te l&#039;\u00e8xit. Volem que el teu supermercat Suma sigui el referent del barri.\" \/>\n<meta property=\"og:url\" content=\"https:\/\/www.sumasupermercados.es\/ca\/converteix-te-en-franquiciat\/seccions-especialitzades\/\" \/>\n<meta property=\"og:site_name\" content=\"Suma\" \/>\n<meta property=\"article:publisher\" content=\"https:\/\/www.facebook.com\/sumasupermercadosespana\" \/>\n<meta property=\"article:modified_time\" content=\"2023-10-05T08:57:07+00:00\" \/>\n<meta property=\"og:image\" content=\"https:\/\/www.sumasupermercados.es\/wp-content\/uploads\/2022\/12\/secciones_especializadas_carne.jpg\" \/>\n<meta name=\"twitter:card\" content=\"summary_large_image\" \/>\n<meta name=\"twitter:site\" content=\"@transgourmet_es\" \/>\n<meta name=\"twitter:label1\" content=\"Temps estimat de lectura\" \/>\n\t<meta name=\"twitter:data1\" content=\"6 minuts\" \/>\n<script type=\"application\/ld+json\" class=\"yoast-schema-graph\">{\"@context\":\"https:\\\/\\\/schema.org\",\"@graph\":[{\"@type\":\"WebPage\",\"@id\":\"https:\\\/\\\/www.sumasupermercados.es\\\/ca\\\/converteix-te-en-franquiciat\\\/seccions-especialitzades\\\/\",\"url\":\"https:\\\/\\\/www.sumasupermercados.es\\\/ca\\\/converteix-te-en-franquiciat\\\/seccions-especialitzades\\\/\",\"name\":\"Seccions especialitzades | Suma\",\"isPartOf\":{\"@id\":\"https:\\\/\\\/www.sumasupermercados.es\\\/ca\\\/#website\"},\"primaryImageOfPage\":{\"@id\":\"https:\\\/\\\/www.sumasupermercados.es\\\/ca\\\/converteix-te-en-franquiciat\\\/seccions-especialitzades\\\/#primaryimage\"},\"image\":{\"@id\":\"https:\\\/\\\/www.sumasupermercados.es\\\/ca\\\/converteix-te-en-franquiciat\\\/seccions-especialitzades\\\/#primaryimage\"},\"thumbnailUrl\":\"https:\\\/\\\/www.sumasupermercados.es\\\/wp-content\\\/uploads\\\/2022\\\/12\\\/secciones_especializadas_carne.jpg\",\"datePublished\":\"2022-12-02T11:55:28+00:00\",\"dateModified\":\"2023-10-05T08:57:07+00:00\",\"description\":\"Diferencia't de la compet\u00e8ncia! Tot per a assegurar-te l'\u00e8xit. Volem que el teu supermercat Suma sigui el referent del barri.\",\"breadcrumb\":{\"@id\":\"https:\\\/\\\/www.sumasupermercados.es\\\/ca\\\/converteix-te-en-franquiciat\\\/seccions-especialitzades\\\/#breadcrumb\"},\"inLanguage\":\"ca\",\"potentialAction\":[{\"@type\":\"ReadAction\",\"target\":[\"https:\\\/\\\/www.sumasupermercados.es\\\/ca\\\/converteix-te-en-franquiciat\\\/seccions-especialitzades\\\/\"]}]},{\"@type\":\"ImageObject\",\"inLanguage\":\"ca\",\"@id\":\"https:\\\/\\\/www.sumasupermercados.es\\\/ca\\\/converteix-te-en-franquiciat\\\/seccions-especialitzades\\\/#primaryimage\",\"url\":\"https:\\\/\\\/www.sumasupermercados.es\\\/wp-content\\\/uploads\\\/2022\\\/12\\\/secciones_especializadas_carne.jpg\",\"contentUrl\":\"https:\\\/\\\/www.sumasupermercados.es\\\/wp-content\\\/uploads\\\/2022\\\/12\\\/secciones_especializadas_carne.jpg\"},{\"@type\":\"BreadcrumbList\",\"@id\":\"https:\\\/\\\/www.sumasupermercados.es\\\/ca\\\/converteix-te-en-franquiciat\\\/seccions-especialitzades\\\/#breadcrumb\",\"itemListElement\":[{\"@type\":\"ListItem\",\"position\":1,\"name\":\"Portada\",\"item\":\"https:\\\/\\\/www.sumasupermercados.es\\\/ca\\\/\"},{\"@type\":\"ListItem\",\"position\":2,\"name\":\"Converteix-te en franquiciat\",\"item\":\"https:\\\/\\\/www.sumasupermercados.es\\\/ca\\\/converteix-te-en-franquiciat\\\/\"},{\"@type\":\"ListItem\",\"position\":3,\"name\":\"Seccions especialitzades\"}]},{\"@type\":\"WebSite\",\"@id\":\"https:\\\/\\\/www.sumasupermercados.es\\\/ca\\\/#website\",\"url\":\"https:\\\/\\\/www.sumasupermercados.es\\\/ca\\\/\",\"name\":\"Suma\",\"description\":\"Suma\",\"publisher\":{\"@id\":\"https:\\\/\\\/www.sumasupermercados.es\\\/ca\\\/#organization\"},\"alternateName\":\"Supermercado Suma, tu supermercado de proximidad\",\"potentialAction\":[{\"@type\":\"SearchAction\",\"target\":{\"@type\":\"EntryPoint\",\"urlTemplate\":\"https:\\\/\\\/www.sumasupermercados.es\\\/ca\\\/?s={search_term_string}\"},\"query-input\":{\"@type\":\"PropertyValueSpecification\",\"valueRequired\":true,\"valueName\":\"search_term_string\"}}],\"inLanguage\":\"ca\"},{\"@type\":\"Organization\",\"@id\":\"https:\\\/\\\/www.sumasupermercados.es\\\/ca\\\/#organization\",\"name\":\"Suma\",\"alternateName\":\"Suma Supermercats\",\"url\":\"https:\\\/\\\/www.sumasupermercados.es\\\/ca\\\/\",\"logo\":{\"@type\":\"ImageObject\",\"inLanguage\":\"ca\",\"@id\":\"https:\\\/\\\/www.sumasupermercados.es\\\/ca\\\/#\\\/schema\\\/logo\\\/image\\\/\",\"url\":\"https:\\\/\\\/www.sumasupermercados.es\\\/wp-content\\\/uploads\\\/2023\\\/03\\\/Sin-titulo-1-1.jpg\",\"contentUrl\":\"https:\\\/\\\/www.sumasupermercados.es\\\/wp-content\\\/uploads\\\/2023\\\/03\\\/Sin-titulo-1-1.jpg\",\"width\":691,\"height\":667,\"caption\":\"Suma\"},\"image\":{\"@id\":\"https:\\\/\\\/www.sumasupermercados.es\\\/ca\\\/#\\\/schema\\\/logo\\\/image\\\/\"},\"sameAs\":[\"https:\\\/\\\/www.facebook.com\\\/sumasupermercadosespana\",\"https:\\\/\\\/x.com\\\/transgourmet_es\",\"https:\\\/\\\/www.instagram.com\\\/suma_supermercados_oficial\\\/\",\"https:\\\/\\\/www.linkedin.com\\\/company\\\/suma-supermercados\\\/\",\"https:\\\/\\\/www.youtube.com\\\/c\\\/TransgourmetIberica\"]}]}<\/script>\n<!-- \/ Yoast SEO plugin. -->","yoast_head_json":{"title":"Seccions especialitzades | Suma","description":"Diferencia't de la compet\u00e8ncia! Tot per a assegurar-te l'\u00e8xit. Volem que el teu supermercat Suma sigui el referent del barri.","robots":{"index":"index","follow":"follow","max-snippet":"max-snippet:-1","max-image-preview":"max-image-preview:large","max-video-preview":"max-video-preview:-1"},"canonical":"https:\/\/www.sumasupermercados.es\/ca\/converteix-te-en-franquiciat\/seccions-especialitzades\/","og_locale":"ca_ES","og_type":"article","og_title":"Seccions especialitzades | Suma","og_description":"Diferencia't de la compet\u00e8ncia! Tot per a assegurar-te l'\u00e8xit. Volem que el teu supermercat Suma sigui el referent del barri.","og_url":"https:\/\/www.sumasupermercados.es\/ca\/converteix-te-en-franquiciat\/seccions-especialitzades\/","og_site_name":"Suma","article_publisher":"https:\/\/www.facebook.com\/sumasupermercadosespana","article_modified_time":"2023-10-05T08:57:07+00:00","og_image":[{"url":"https:\/\/www.sumasupermercados.es\/wp-content\/uploads\/2022\/12\/secciones_especializadas_carne.jpg","type":"","width":"","height":""}],"twitter_card":"summary_large_image","twitter_site":"@transgourmet_es","twitter_misc":{"Temps estimat de lectura":"6 minuts"},"schema":{"@context":"https:\/\/schema.org","@graph":[{"@type":"WebPage","@id":"https:\/\/www.sumasupermercados.es\/ca\/converteix-te-en-franquiciat\/seccions-especialitzades\/","url":"https:\/\/www.sumasupermercados.es\/ca\/converteix-te-en-franquiciat\/seccions-especialitzades\/","name":"Seccions especialitzades | Suma","isPartOf":{"@id":"https:\/\/www.sumasupermercados.es\/ca\/#website"},"primaryImageOfPage":{"@id":"https:\/\/www.sumasupermercados.es\/ca\/converteix-te-en-franquiciat\/seccions-especialitzades\/#primaryimage"},"image":{"@id":"https:\/\/www.sumasupermercados.es\/ca\/converteix-te-en-franquiciat\/seccions-especialitzades\/#primaryimage"},"thumbnailUrl":"https:\/\/www.sumasupermercados.es\/wp-content\/uploads\/2022\/12\/secciones_especializadas_carne.jpg","datePublished":"2022-12-02T11:55:28+00:00","dateModified":"2023-10-05T08:57:07+00:00","description":"Diferencia't de la compet\u00e8ncia! Tot per a assegurar-te l'\u00e8xit. Volem que el teu supermercat Suma sigui el referent del barri.","breadcrumb":{"@id":"https:\/\/www.sumasupermercados.es\/ca\/converteix-te-en-franquiciat\/seccions-especialitzades\/#breadcrumb"},"inLanguage":"ca","potentialAction":[{"@type":"ReadAction","target":["https:\/\/www.sumasupermercados.es\/ca\/converteix-te-en-franquiciat\/seccions-especialitzades\/"]}]},{"@type":"ImageObject","inLanguage":"ca","@id":"https:\/\/www.sumasupermercados.es\/ca\/converteix-te-en-franquiciat\/seccions-especialitzades\/#primaryimage","url":"https:\/\/www.sumasupermercados.es\/wp-content\/uploads\/2022\/12\/secciones_especializadas_carne.jpg","contentUrl":"https:\/\/www.sumasupermercados.es\/wp-content\/uploads\/2022\/12\/secciones_especializadas_carne.jpg"},{"@type":"BreadcrumbList","@id":"https:\/\/www.sumasupermercados.es\/ca\/converteix-te-en-franquiciat\/seccions-especialitzades\/#breadcrumb","itemListElement":[{"@type":"ListItem","position":1,"name":"Portada","item":"https:\/\/www.sumasupermercados.es\/ca\/"},{"@type":"ListItem","position":2,"name":"Converteix-te en franquiciat","item":"https:\/\/www.sumasupermercados.es\/ca\/converteix-te-en-franquiciat\/"},{"@type":"ListItem","position":3,"name":"Seccions especialitzades"}]},{"@type":"WebSite","@id":"https:\/\/www.sumasupermercados.es\/ca\/#website","url":"https:\/\/www.sumasupermercados.es\/ca\/","name":"Suma","description":"Suma","publisher":{"@id":"https:\/\/www.sumasupermercados.es\/ca\/#organization"},"alternateName":"Supermercado Suma, tu supermercado de proximidad","potentialAction":[{"@type":"SearchAction","target":{"@type":"EntryPoint","urlTemplate":"https:\/\/www.sumasupermercados.es\/ca\/?s={search_term_string}"},"query-input":{"@type":"PropertyValueSpecification","valueRequired":true,"valueName":"search_term_string"}}],"inLanguage":"ca"},{"@type":"Organization","@id":"https:\/\/www.sumasupermercados.es\/ca\/#organization","name":"Suma","alternateName":"Suma Supermercats","url":"https:\/\/www.sumasupermercados.es\/ca\/","logo":{"@type":"ImageObject","inLanguage":"ca","@id":"https:\/\/www.sumasupermercados.es\/ca\/#\/schema\/logo\/image\/","url":"https:\/\/www.sumasupermercados.es\/wp-content\/uploads\/2023\/03\/Sin-titulo-1-1.jpg","contentUrl":"https:\/\/www.sumasupermercados.es\/wp-content\/uploads\/2023\/03\/Sin-titulo-1-1.jpg","width":691,"height":667,"caption":"Suma"},"image":{"@id":"https:\/\/www.sumasupermercados.es\/ca\/#\/schema\/logo\/image\/"},"sameAs":["https:\/\/www.facebook.com\/sumasupermercadosespana","https:\/\/x.com\/transgourmet_es","https:\/\/www.instagram.com\/suma_supermercados_oficial\/","https:\/\/www.linkedin.com\/company\/suma-supermercados\/","https:\/\/www.youtube.com\/c\/TransgourmetIberica"]}]}},"_links":{"self":[{"href":"https:\/\/www.sumasupermercados.es\/ca\/wp-json\/wp\/v2\/pages\/9128","targetHints":{"allow":["GET"]}}],"collection":[{"href":"https:\/\/www.sumasupermercados.es\/ca\/wp-json\/wp\/v2\/pages"}],"about":[{"href":"https:\/\/www.sumasupermercados.es\/ca\/wp-json\/wp\/v2\/types\/page"}],"author":[{"embeddable":true,"href":"https:\/\/www.sumasupermercados.es\/ca\/wp-json\/wp\/v2\/users\/1"}],"replies":[{"embeddable":true,"href":"https:\/\/www.sumasupermercados.es\/ca\/wp-json\/wp\/v2\/comments?post=9128"}],"version-history":[{"count":11,"href":"https:\/\/www.sumasupermercados.es\/ca\/wp-json\/wp\/v2\/pages\/9128\/revisions"}],"predecessor-version":[{"id":11416,"href":"https:\/\/www.sumasupermercados.es\/ca\/wp-json\/wp\/v2\/pages\/9128\/revisions\/11416"}],"up":[{"embeddable":true,"href":"https:\/\/www.sumasupermercados.es\/ca\/wp-json\/wp\/v2\/pages\/9162"}],"wp:attachment":[{"href":"https:\/\/www.sumasupermercados.es\/ca\/wp-json\/wp\/v2\/media?parent=9128"}],"curies":[{"name":"wp","href":"https:\/\/api.w.org\/{rel}","templated":true}]}}